{"id":12586,"date":"2025-01-20T11:09:18","date_gmt":"2025-01-20T10:09:18","guid":{"rendered":"https:\/\/cms.zdv.uni-mainz.de\/issk\/?page_id=12586"},"modified":"2026-03-26T10:01:44","modified_gmt":"2026-03-26T09:01:44","slug":"fremdsprachen","status":"publish","type":"page","link":"https:\/\/www.issk.uni-mainz.de\/en\/fremdsprachen\/","title":{"rendered":"Foreign languages"},"content":{"rendered":"<jgu-base-pageheader react-props=\"{\n    &quot;items&quot;: [\n        {\n            &quot;box&quot;: {\n                &quot;index&quot;: &quot;&quot;,\n                &quot;title&quot;: &quot;Foreign language courses accompanying studies&quot;,\n                &quot;link&quot;: {\n                    &quot;url&quot;: &quot;&quot;,\n                    &quot;title&quot;: &quot;Learn more&quot;\n                }\n            },\n            &quot;color&quot;: &quot;red&quot;,\n            &quot;image&quot;: {\n                &quot;url&quot;: &quot;https:\\\/\\\/cms.zdv.uni-mainz.de\\\/issk\\\/wp-content\\\/uploads\\\/sites\\\/567\\\/2025\\\/07\\\/AdobeStock_73467239-1-scaled-e1751353172283.jpeg&quot;,\n                &quot;id&quot;: 13098,\n                &quot;caption&quot;: &quot;junge frau zeigt weltkugel&quot;,\n                &quot;credit&quot;: &quot;Adobe Stock&quot;,\n                &quot;title&quot;: &quot;junge frau zeigt weltkugel&quot;,\n                &quot;width&quot;: 1700,\n                &quot;height&quot;: 1135\n            },\n            &quot;imgCredit&quot;: &quot;&quot;,\n            &quot;useVideo&quot;: false,\n            &quot;video&quot;: false\n        }\n    ],\n    &quot;type&quot;: &quot;default&quot;,\n    &quot;align&quot;: &quot;full&quot;,\n    &quot;quicklinks&quot;: {\n        &quot;show&quot;: false,\n        &quot;selects&quot;: []\n    },\n    &quot;useBreadcrumb&quot;: false\n}\">\n<\/jgu-base-pageheader>\n<p class=\"has-big-font-size\">In the foreign language section of the ISSK, students, doctoral candidates, postdocs, visiting scholars and employees at JGU have the opportunity to attend language courses free of charge during the semester.<br\/><br\/>Please note &#8211; The registration times of the ISSK courses differ from the registration phases of the regular JGU semester events. <strong><a href=\"https:\/\/www.issk.uni-mainz.de\/en\/dates\/\"><\/a><a href=\"https:\/\/www.issk.uni-mainz.de\/en\/dates\/#fs\">Please find specific dates for registration here.<\/a><\/strong><br\/><br\/>Register to your language course in three steps &#8211; we look forward to seeing you!<\/p>\n<jgu-base-anchornavigation react-props=\"{\n    &quot;align&quot;: &quot;wide&quot;,\n    &quot;theme&quot;: &quot;white&quot;\n}\">\n    \n<\/jgu-base-anchornavigation><div\n\tclass=\"jgu-anchorpoint\"\n\tid=\"step 1 course offer\"\n\tdata-label=\"Step 1: Course offer\"\n\tdata-hide-in-nav=\"false\"\n\ttabindex=\"0\"\n\tdata-initial-scroll=\"true\"\n><\/div>\n<jgu-base-section react-props=\"{&quot;color&quot;:&quot;light&quot;,&quot;align&quot;:&quot;wide&quot;,&quot;padding&quot;:&quot;medium&quot;}\">\n<div class=\"jgu-bgsection bg bg-light \"><div class=\"content padding-medium\"><jgu-base-heading react-props=\"{\n    &quot;color&quot;: &quot;default&quot;,\n    &quot;tags&quot;: {\n        &quot;htmlTag&quot;: &quot;h2&quot;,\n        &quot;classTag&quot;: &quot;h3&quot;,\n        &quot;tag&quot;: &quot;h2.h3&quot;\n    },\n    &quot;heading&quot;: &quot;Courses offered during the lecture period&quot;,\n    &quot;textAlign&quot;: &quot;left&quot;,\n    &quot;anchor&quot;: &quot;&quot;,\n    &quot;index&quot;: &quot;&quot;\n}\"><\/jgu-base-heading>\n\n\n\n<p class=\"has-big-font-size\">Our language courses are divided into different levels according to the Common European Framework of Reference for Languages (CEFR), and some have specific focuses (e.g. professional and academic English). You can find more details and the registration function in <a href=\"https:\/\/jogustine.uni-mainz.de\/\" target=\"_blank\" rel=\"noreferrer noopener\">JOGU-StINe<\/a>. <\/p>\n\n\n\n<p class=\"has-big-font-size\">Depending on the language, our range of courses includes elementary (A1 and A2), independent (B1 and B2) and proficient (C1) language use. Courses are not always available in all languages and at all levels. <\/p>\n\n\n\n<div class=\"wp-block-columns is-layout-flex wp-container-core-columns-is-layout-9d6595d7 wp-block-columns-is-layout-flex\">\n<div class=\"wp-block-column is-layout-flow wp-block-column-is-layout-flow\" style=\"flex-basis:10%\"><\/div>\n\n\n\n<div class=\"wp-block-column is-layout-flow wp-block-column-is-layout-flow\" style=\"flex-basis:80%\">\n<p class=\"has-big-font-size\">Here you will find an overview of the foreign languages offered by the ISSK and other language courses at JGU:<\/p>\n\n\n<jgu-base-tabs react-props=\"{\n    &quot;layout&quot;: {\n        &quot;type&quot;: &quot;flex&quot;,\n        &quot;flexWrap&quot;: &quot;nowrap&quot;,\n        &quot;justifyContent&quot;: &quot;left&quot;,\n        &quot;orientation&quot;: &quot;vertical&quot;\n    },\n    &quot;align&quot;: &quot;wide&quot;,\n    &quot;selected&quot;: 1,\n    &quot;ratio&quot;: 0,\n    &quot;autoRatio&quot;: true,\n    &quot;stackMobile&quot;: false,\n    &quot;hasAllOpenButton&quot;: true,\n    &quot;onlyOne&quot;: false,\n    &quot;initAllClosed&quot;: true,\n    &quot;enableSearch&quot;: false\n}\">\n    \n<jgu-base-tabsitem react-props=\"{\n    &quot;title&quot;: &quot;English&quot;,\n    &quot;slug&quot;: &quot;english-1&quot;,\n    &quot;align&quot;: &quot;wide&quot;,\n    &quot;customSlug&quot;: false\n}\">\n    \n\t<ol class=\"wp-block-list has-big-font-size\">\n\t\t\t\t\t<li>\n\t\t\t<a href=\"?event_id=396432686319760&amp;skip_groups=false\">\n\t\t\t\tE-B1.1 English Intermediate<\/a><br>\n\t\t\t\tInstructor: Patrick Donoghue; Anita Gerhard\t\t\t\t\t\t<\/li>\n\t\t\t\t\t<li>\n\t\t\t<a href=\"?event_id=396432686173738&amp;skip_groups=false\">\n\t\t\t\tE-B1.2 English Intermediate<\/a><br>\n\t\t\t\tInstructor: Anita Gerhard\t\t\t\t\t\t<\/li>\n\t\t\t\t\t<li>\n\t\t\t<a href=\"?event_id=396432775349965&amp;skip_groups=false\">\n\t\t\t\tE-B2.1 Building Fluency &amp; Accuracy<\/a><br>\n\t\t\t\tInstructor: Anita Gerhard; Jasmin Vishvanath\t\t\t\t\t\t<\/li>\n\t\t\t\t\t<li>\n\t\t\t<a href=\"?event_id=396432775454971&amp;skip_groups=false\">\n\t\t\t\tE-B2.2 Building Fluency &amp; Accuracy<\/a><br>\n\t\t\t\tInstructor: Anita Gerhard; Jasmin Vishvanath\t\t\t\t\t\t<\/li>\n\t\t\t\t\t<li>\n\t\t\t<a href=\"?event_id=397154360112119&amp;skip_groups=false\">\n\t\t\t\tE-B2\/C1a Speaking und Writing<\/a><br>\n\t\t\t\tInstructor: Anita Gerhard\t\t\t\t\t\t<\/li>\n\t\t\t\t\t<li>\n\t\t\t<a href=\"?event_id=397154360123125&amp;skip_groups=false\">\n\t\t\t\tE-B2\/C1b Speaking und Writing<\/a><br>\n\t\t\t\tInstructor: Anita Gerhard; Yasamin Khalighi\t\t\t\t\t\t<\/li>\n\t\t\t\t\t<li>\n\t\t\t<a href=\"?event_id=396432854840004&amp;skip_groups=false\">\n\t\t\t\tE-C1 Natural sciences, technology, and society<\/a><br>\n\t\t\t\tInstructor: Patrick Donoghue; Anita Gerhard\t\t\t\t\t\t<\/li>\n\t\t\t\t\t<li>\n\t\t\t<a href=\"?event_id=396432854871010&amp;skip_groups=false\">\n\t\t\t\tE-C1+\/C2 Conversation and Contemporary Issues<\/a><br>\n\t\t\t\tInstructor: Anita Gerhard\t\t\t\t\t\t<\/li>\n\t\t\t\t\t<li>\n\t\t\t<a href=\"?event_id=396432809727989&amp;skip_groups=false\">\n\t\t\t\tE-C1.1 Professional and Academic English<\/a><br>\n\t\t\t\tInstructor: Anita Gerhard\t\t\t\t\t\t<\/li>\n\t\t\t\t\t<li>\n\t\t\t<a href=\"?event_id=396432809713983&amp;skip_groups=false\">\n\t\t\t\tE-C1.2 Professional and Academic English<\/a><br>\n\t\t\t\tInstructor: Anita Gerhard; Yasamin Khalighi\t\t\t\t\t\t<\/li>\n\t\t<\/ol>\n\t<hr>\n<p>\n\tSoSe 2026\t<\/p>\n\n\n\n<\/jgu-base-tabsitem>\n\n<jgu-base-tabsitem react-props=\"{\n    &quot;title&quot;: &quot;Spanish&quot;,\n    &quot;slug&quot;: &quot;spanish-1&quot;,\n    &quot;align&quot;: &quot;wide&quot;,\n    &quot;customSlug&quot;: false\n}\">\n    \n\t<ol class=\"wp-block-list has-big-font-size\">\n\t\t\t\t\t<li>\n\t\t\t<a href=\"?event_id=396432960954043&amp;skip_groups=false\">\n\t\t\t\tS-A1a Espa\u00f1ol para principiantes<\/a><br>\n\t\t\t\tInstructor: Marta Borr\u00e1s Garc\u00e9s; Sara Gil Bellosta\t\t\t\t\t\t<\/li>\n\t\t\t\t\t<li>\n\t\t\t<a href=\"?event_id=396432960885025&amp;skip_groups=false\">\n\t\t\t\tS-A1b Espa\u00f1ol para principiantes<\/a><br>\n\t\t\t\tInstructor: Marta Borr\u00e1s Garc\u00e9s; Celinda Muro Goretzky\t\t\t\t\t\t<\/li>\n\t\t\t\t\t<li>\n\t\t\t<a href=\"?event_id=396432961056061&amp;skip_groups=false\">\n\t\t\t\tS-A1c Espa\u00f1ol para principiantes<\/a><br>\n\t\t\t\tInstructor: Jose Luis Angulo Martinez; Marta Borr\u00e1s Garc\u00e9s\t\t\t\t\t\t<\/li>\n\t\t\t\t\t<li>\n\t\t\t<a href=\"?event_id=396432961154079&amp;skip_groups=false\">\n\t\t\t\tS-A1d Espa\u00f1ol para principiantes<\/a><br>\n\t\t\t\tInstructor: Marta Borr\u00e1s Garc\u00e9s; Tabea Luna George\t\t\t\t\t\t<\/li>\n\t\t\t\t\t<li>\n\t\t\t<a href=\"?event_id=396433030200158&amp;skip_groups=false\">\n\t\t\t\tS-A2a Espa\u00f1ol para principiantes<\/a><br>\n\t\t\t\tInstructor: Marta Borr\u00e1s Garc\u00e9s; Carlos Ernesto Helber Fajardo\t\t\t\t\t\t<\/li>\n\t\t\t\t\t<li>\n\t\t\t<a href=\"?event_id=396433030237140&amp;skip_groups=false\">\n\t\t\t\tS-A2b Espa\u00f1ol para principiantes<\/a><br>\n\t\t\t\tInstructor: Marta Borr\u00e1s Garc\u00e9s\t\t\t\t\t\t<\/li>\n\t\t\t\t\t<li>\n\t\t\t<a href=\"?event_id=396433256559261&amp;skip_groups=false\">\n\t\t\t\tS-B1+ Tu cita con la gram\u00e1tica<\/a><br>\n\t\t\t\tInstructor: Jose Luis Angulo Martinez; Marta Borr\u00e1s Garc\u00e9s\t\t\t\t\t\t<\/li>\n\t\t\t\t\t<li>\n\t\t\t<a href=\"?event_id=396433084235216&amp;skip_groups=false\">\n\t\t\t\tS-B1a Espa\u00f1ol nivel intermedio<\/a><br>\n\t\t\t\tInstructor: Marta Borr\u00e1s Garc\u00e9s\t\t\t\t\t\t<\/li>\n\t\t\t\t\t<li>\n\t\t\t<a href=\"?event_id=396433084128210&amp;skip_groups=false\">\n\t\t\t\tS-B1b Espa\u00f1ol nivel intermedio<\/a><br>\n\t\t\t\tInstructor: Carlos Antras Sole; Marta Borr\u00e1s Garc\u00e9s\t\t\t\t\t\t<\/li>\n\t\t\t\t\t<li>\n\t\t\t<a href=\"?event_id=396433084280222&amp;skip_groups=false\">\n\t\t\t\tS-B2 Espa\u00f1ol para avanzados<\/a><br>\n\t\t\t\tInstructor: Marta Borr\u00e1s Garc\u00e9s; Franz Narvaez Noguera\t\t\t\t\t\t<\/li>\n\t\t\t\t\t<li>\n\t\t\t<a href=\"?event_id=396433203533244&amp;skip_groups=false\">\n\t\t\t\tS-C1 Curso superior de expresi\u00f3n e interacci\u00f3n<\/a><br>\n\t\t\t\tInstructor: Marta Borr\u00e1s Garc\u00e9s; Maria Elena Guerrero de St\u00f6hr\t\t\t\t\t\t<\/li>\n\t\t<\/ol>\n\t<hr>\n<p>\n\tSoSe 2026\t<\/p>\n\n\n\n<\/jgu-base-tabsitem>\n\n<jgu-base-tabsitem react-props=\"{\n    &quot;title&quot;: &quot;Italian&quot;,\n    &quot;slug&quot;: &quot;italian-1&quot;,\n    &quot;align&quot;: &quot;wide&quot;,\n    &quot;customSlug&quot;: false\n}\">\n    \n\t<ol class=\"wp-block-list has-big-font-size\">\n\t\t\t\t\t<li>\n\t\t\t<a href=\"?event_id=396433916235523&amp;skip_groups=false\">\n\t\t\t\tI-A1a Italiano per principianti<\/a><br>\n\t\t\t\tInstructor: Chiara Angelini\t\t\t\t\t\t<\/li>\n\t\t\t\t\t<li>\n\t\t\t<a href=\"?event_id=396433916179495&amp;skip_groups=false\">\n\t\t\t\tI-A1b Italiano per principianti<\/a><br>\n\t\t\t\tInstructor: Chiara Angelini\t\t\t\t\t\t<\/li>\n\t\t\t\t\t<li>\n\t\t\t<a href=\"?event_id=396433916287517&amp;skip_groups=false\">\n\t\t\t\tI-A1c Italiano per principianti<\/a><br>\n\t\t\t\tInstructor: Chiara Angelini; Maria La Fratta\t\t\t\t\t\t<\/li>\n\t\t\t\t\t<li>\n\t\t\t<a href=\"?event_id=396433916447551&amp;skip_groups=false\">\n\t\t\t\tI-A2a Italiano per principianti<\/a><br>\n\t\t\t\tInstructor: Chiara Angelini; Cecilia Bonfanti\t\t\t\t\t\t<\/li>\n\t\t\t\t\t<li>\n\t\t\t<a href=\"?event_id=396433916365545&amp;skip_groups=false\">\n\t\t\t\tI-A2b Italiano per principianti<\/a><br>\n\t\t\t\tInstructor: Chiara Angelini; Laura Cecchin\t\t\t\t\t\t<\/li>\n\t\t\t\t\t<li>\n\t\t\t<a href=\"?event_id=396434020352684&amp;skip_groups=false\">\n\t\t\t\tI-B1 Italiano livello intermedio: Lesekompetenz entwickeln<\/a><br>\n\t\t\t\tInstructor: Chiara Angelini\t\t\t\t\t\t<\/li>\n\t\t\t\t\t<li>\n\t\t\t<a href=\"?event_id=396434020433690&amp;skip_groups=false\">\n\t\t\t\tI-B2 Italiano livello intermedio: H\u00f6rkompetenz entwickeln<\/a><br>\n\t\t\t\tInstructor: Chiara Angelini\t\t\t\t\t\t<\/li>\n\t\t\t\t\t<li>\n\t\t\t<a href=\"?event_id=396434020431696&amp;skip_groups=false\">\n\t\t\t\tI-C1 Italiano livello avanzato: Schreibkompetenz entwickeln<\/a><br>\n\t\t\t\tInstructor: Chiara Angelini; Veliana Olivieri\t\t\t\t\t\t<\/li>\n\t\t<\/ol>\n\t<hr>\n<p>\n\tSoSe 2026\t<\/p>\n\n\n\n<\/jgu-base-tabsitem>\n\n<jgu-base-tabsitem react-props=\"{\n    &quot;title&quot;: &quot;French&quot;,\n    &quot;slug&quot;: &quot;french&quot;,\n    &quot;align&quot;: &quot;wide&quot;,\n    &quot;customSlug&quot;: false\n}\">\n    \n\t<ol class=\"wp-block-list has-big-font-size\">\n\t\t\t\t\t<li>\n\t\t\t<a href=\"?event_id=396433408747293&amp;skip_groups=false\">\n\t\t\t\tF-A1a Fran\u00e7ais \u00e9l\u00e9mentaire<\/a><br>\n\t\t\t\tInstructor: Stephane Fernandes do Castelo Ventura; Simone Weis\t\t\t\t\t\t<\/li>\n\t\t\t\t\t<li>\n\t\t\t<a href=\"?event_id=396433408796272&amp;skip_groups=false\">\n\t\t\t\tF-A1b Fran\u00e7ais \u00e9l\u00e9mentaire<\/a><br>\n\t\t\t\tInstructor: Jenny Toussaint; Simone Weis\t\t\t\t\t\t<\/li>\n\t\t\t\t\t<li>\n\t\t\t<a href=\"?event_id=396433730537352&amp;skip_groups=false\">\n\t\t\t\tF-A2a Fran\u00e7ais \u00e9l\u00e9mentaire 2<\/a><br>\n\t\t\t\tInstructor: Louis Matthay; Simone Weis\t\t\t\t\t\t<\/li>\n\t\t\t\t\t<li>\n\t\t\t<a href=\"?event_id=396433730649358&amp;skip_groups=false\">\n\t\t\t\tF-A2b Fran\u00e7ais  \u00e9l\u00e9mentaire 2<\/a><br>\n\t\t\t\tInstructor: Bastien Voisin; Simone Weis\t\t\t\t\t\t<\/li>\n\t\t\t\t\t<li>\n\t\t\t<a href=\"?event_id=396433763291394&amp;skip_groups=false\">\n\t\t\t\tF-B1.1 Fran\u00e7ais interm\u00e9diaire 1<\/a><br>\n\t\t\t\tInstructor: Simone Weis\t\t\t\t\t\t<\/li>\n\t\t\t\t\t<li>\n\t\t\t<a href=\"?event_id=396433763274373&amp;skip_groups=false\">\n\t\t\t\tF-B1.2 Niveau seuil<\/a><br>\n\t\t\t\tInstructor: Simone Weis\t\t\t\t\t\t<\/li>\n\t\t\t\t\t<li>\n\t\t\t<a href=\"?event_id=396433804845448&amp;skip_groups=false\">\n\t\t\t\tF-B2 Niveau avanc\u00e9 ou ind\u00e9pendant I<\/a><br>\n\t\t\t\tInstructor: Abdessalem Aboub; Simone Weis\t\t\t\t\t\t<\/li>\n\t\t\t\t\t<li>\n\t\t\t<a href=\"?event_id=396433804846469&amp;skip_groups=false\">\n\t\t\t\tF-C1 niveau autonome<\/a><br>\n\t\t\t\tInstructor: Oum El Banine Rafeka Azzouza-Waldherr; Simone Weis\t\t\t\t\t\t<\/li>\n\t\t<\/ol>\n\t<hr>\n<p>\n\tSoSe 2026\t<\/p>\n\n\n\n<\/jgu-base-tabsitem>\n\n<jgu-base-tabsitem react-props=\"{\n    &quot;title&quot;: &quot;Turkish&quot;,\n    &quot;slug&quot;: &quot;turkish&quot;,\n    &quot;align&quot;: &quot;wide&quot;,\n    &quot;customSlug&quot;: false\n}\">\n    \n\t<ol class=\"wp-block-list has-big-font-size\">\n\t\t\t\t\t<li>\n\t\t\t<a href=\"?event_id=396434211438731&amp;skip_groups=false\">\n\t\t\t\tT-A1.2 T\u00fcrkisch<\/a><br>\n\t\t\t\tInstructor: Romina Agostino-Huth\t\t\t\t\t\t<\/li>\n\t\t<\/ol>\n\t<hr>\n<p>\n\tSoSe 2026\t<\/p>\n\n\n\n<\/jgu-base-tabsitem>\n\n<jgu-base-tabsitem react-props=\"{\n    &quot;title&quot;: &quot;Arabic&quot;,\n    &quot;slug&quot;: &quot;arabic&quot;,\n    &quot;align&quot;: &quot;wide&quot;,\n    &quot;customSlug&quot;: false\n}\">\n    \n\t<ol class=\"wp-block-list has-big-font-size\">\n\t\t\t\t\t<li>\n\t\t\t<a href=\"?event_id=396434194061721&amp;skip_groups=false\">\n\t\t\t\tA-A1.1 Arabisch f\u00fcr Anf\u00e4nger<\/a><br>\n\t\t\t\tInstructor: Romina Agostino-Huth; Oum El Banine Rafeka Azzouza-Waldherr\t\t\t\t\t\t<\/li>\n\t\t<\/ol>\n\t<hr>\n<p>\n\tSoSe 2026\t<\/p>\n\n\n\n<\/jgu-base-tabsitem>\n\n<jgu-base-tabsitem react-props=\"{\n    &quot;title&quot;: &quot;Further language courses&quot;,\n    &quot;slug&quot;: &quot;further language offers&quot;,\n    &quot;align&quot;: &quot;wide&quot;,\n    &quot;customSlug&quot;: false\n}\">\n    \n\n<p class=\"has-big-font-size\">Further language courses are offered by Faculty 05, Faculty 06 and University of Applied Sciences in Mainz, among others. <\/p>\n\n\n<jgu-base-button style=\"display: flex; flex-wrap: wrap; column-gap: 30px; max-width: 100%; flex-direction: row; justify-content: left\">\n  \n<jgu-base-buttonitem react-props=\"{\n    &quot;text&quot;: &quot;Faculty 05: Philosophy and Philology&lt;br&gt;&quot;,\n    &quot;link&quot;: {\n        &quot;url&quot;: &quot;https:\\\/\\\/www.fb05.uni-mainz.de\\\/&quot;,\n        &quot;linkTarget&quot;: &quot;&quot;,\n        &quot;rel&quot;: &quot;&quot;,\n        &quot;opensInNewTab&quot;: true\n    },\n    &quot;align&quot;: &quot;left&quot;,\n    &quot;styling&quot;: &quot;primary&quot;,\n    &quot;icon&quot;: &quot;arrow-right-solid&quot;,\n    &quot;type&quot;: &quot;default&quot;,\n    &quot;iconBefore&quot;: false,\n    &quot;isSmall&quot;: false,\n    &quot;fullWidth&quot;: false,\n    &quot;className&quot;: &quot;&quot;\n}\"><\/jgu-base-buttonitem>\n\n<\/jgu-base-button>\n\n<jgu-base-button style=\"display: flex; flex-wrap: wrap; column-gap: 30px; max-width: 100%; flex-direction: row; justify-content: left\">\n  \n<jgu-base-buttonitem react-props=\"{\n    &quot;text&quot;: &quot;To the Department of Slavic Studies in Faculty 05&quot;,\n    &quot;link&quot;: {\n        &quot;url&quot;: &quot;https:\\\/\\\/www.slavistik.uni-mainz.de\\\/&quot;,\n        &quot;linkTarget&quot;: &quot;&quot;,\n        &quot;rel&quot;: &quot;&quot;,\n        &quot;opensInNewTab&quot;: true\n    },\n    &quot;align&quot;: &quot;left&quot;,\n    &quot;styling&quot;: &quot;primary&quot;,\n    &quot;icon&quot;: &quot;arrow-right-solid&quot;,\n    &quot;type&quot;: &quot;default&quot;,\n    &quot;iconBefore&quot;: false,\n    &quot;isSmall&quot;: false,\n    &quot;fullWidth&quot;: false,\n    &quot;className&quot;: &quot;&quot;\n}\"><\/jgu-base-buttonitem>\n\n<\/jgu-base-button>\n\n<jgu-base-button style=\"display: flex; flex-wrap: wrap; column-gap: 30px; max-width: 100%; flex-direction: row; justify-content: left\">\n  \n<jgu-base-buttonitem react-props=\"{\n    &quot;text&quot;: &quot;Faculty 06 Translation, Linguistics and Cultural Studies&quot;,\n    &quot;link&quot;: {\n        &quot;url&quot;: &quot;https:\\\/\\\/fb06.uni-mainz.de\\\/&quot;,\n        &quot;linkTarget&quot;: &quot;&quot;,\n        &quot;rel&quot;: &quot;&quot;,\n        &quot;opensInNewTab&quot;: true\n    },\n    &quot;align&quot;: &quot;left&quot;,\n    &quot;styling&quot;: &quot;primary&quot;,\n    &quot;icon&quot;: &quot;arrow-right-solid&quot;,\n    &quot;type&quot;: &quot;default&quot;,\n    &quot;iconBefore&quot;: false,\n    &quot;isSmall&quot;: false,\n    &quot;fullWidth&quot;: false,\n    &quot;className&quot;: &quot;&quot;\n}\"><\/jgu-base-buttonitem>\n\n<\/jgu-base-button>\n\n<jgu-base-button style=\"display: flex; flex-wrap: wrap; column-gap: 30px; max-width: 100%; flex-direction: row; justify-content: left\">\n  \n<jgu-base-buttonitem react-props=\"{\n    &quot;text&quot;: &quot;Languages offered at Mainz University of Applied Sciences &quot;,\n    &quot;link&quot;: {\n        &quot;url&quot;: &quot;https:\\\/\\\/www.hs-mainz.de\\\/en\\\/academics\\\/services\\\/interdisciplinary\\\/language-center\\\/language-classes\\\/&quot;,\n        &quot;linkTarget&quot;: &quot;&quot;,\n        &quot;rel&quot;: &quot;&quot;,\n        &quot;opensInNewTab&quot;: true\n    },\n    &quot;align&quot;: &quot;left&quot;,\n    &quot;styling&quot;: &quot;primary&quot;,\n    &quot;icon&quot;: &quot;arrow-right-solid&quot;,\n    &quot;type&quot;: &quot;default&quot;,\n    &quot;iconBefore&quot;: false,\n    &quot;isSmall&quot;: false,\n    &quot;fullWidth&quot;: false,\n    &quot;className&quot;: &quot;&quot;\n}\"><\/jgu-base-buttonitem>\n\n<\/jgu-base-button>\n\n\n<p class=\"has-big-font-size\">The language courses at Mainz University of Applied Sciences may only be attended if no comparable course is available at JGU.<\/p>\n\n\n<\/jgu-base-tabsitem>\n\n<\/jgu-base-tabs><\/div>\n<\/div>\n\n\n\n<p class=\"has-big-font-size\">For JGU students, the credits earned are listed under &#8220;Additional qualifications&#8221; on the transcript of records. Students in joint or integrated degree programs and employees will be issued a certificate upon request. <\/p>\n\n\n\n<p class=\"has-big-font-size\">Most courses are designed so that one level can be completed in one semester. Some language courses complete levels B1 and higher in two (ideally consecutive) semesters. <\/p>\n\n\n\n<div style=\"height:250px\" aria-hidden=\"true\" class=\"wp-block-spacer\"><\/div>\n\n\n<jgu-base-heading react-props=\"{\n    &quot;color&quot;: &quot;default&quot;,\n    &quot;tags&quot;: {\n        &quot;htmlTag&quot;: &quot;h2&quot;,\n        &quot;classTag&quot;: &quot;h3&quot;,\n        &quot;tag&quot;: &quot;h2.h3&quot;\n    },\n    &quot;heading&quot;: &quot;Courses offered during the semester break&quot;,\n    &quot;textAlign&quot;: &quot;left&quot;,\n    &quot;anchor&quot;: &quot;&quot;,\n    &quot;index&quot;: &quot;&quot;\n}\"><\/jgu-base-heading>\n\n\n\n<p class=\"has-big-font-size\">These courses are aimed at participants who would like to improve their language proficiency during the semester break (March or September) and comprise a total of 40 to 48 lessons. The courses offered in September can be found in Jogustine under the summer semester.  The courses in March appear under the winter semester. <br\/>Please note the registration period in the course description.<\/p>\n\n\n\n<div class=\"wp-block-columns is-layout-flex wp-container-core-columns-is-layout-9d6595d7 wp-block-columns-is-layout-flex\">\n<div class=\"wp-block-column is-layout-flow wp-block-column-is-layout-flow\" style=\"flex-basis:10%\"><\/div>\n\n\n\n<div class=\"wp-block-column is-layout-flow wp-block-column-is-layout-flow\" style=\"flex-basis:80%\">\n<p class=\"has-big-font-size\">Here you will find our current range of intensive language courses:<\/p>\n\n\n<jgu-base-tabs react-props=\"{\n    &quot;layout&quot;: {\n        &quot;type&quot;: &quot;flex&quot;,\n        &quot;flexWrap&quot;: &quot;nowrap&quot;,\n        &quot;justifyContent&quot;: &quot;left&quot;,\n        &quot;orientation&quot;: &quot;vertical&quot;\n    },\n    &quot;align&quot;: &quot;wide&quot;,\n    &quot;selected&quot;: 1,\n    &quot;ratio&quot;: 0,\n    &quot;autoRatio&quot;: true,\n    &quot;stackMobile&quot;: false,\n    &quot;hasAllOpenButton&quot;: true,\n    &quot;onlyOne&quot;: false,\n    &quot;initAllClosed&quot;: true,\n    &quot;enableSearch&quot;: false\n}\">\n    \n<jgu-base-tabsitem react-props=\"{\n    &quot;title&quot;: &quot;English&quot;,\n    &quot;slug&quot;: &quot;english-1&quot;,\n    &quot;align&quot;: &quot;wide&quot;,\n    &quot;customSlug&quot;: false\n}\">\n    \n\tNo courses found for given input data and semester (SoSe 2026)<hr>\n<p>\n\tSoSe 2026\t<\/p>\n\n\n\n\n<p class=\"has-big-font-size\">If you do not see a course offer here, an intensive course for this language will be offered at the end of the next semester.<\/p>\n\n\n<\/jgu-base-tabsitem>\n\n<jgu-base-tabsitem react-props=\"{\n    &quot;title&quot;: &quot;French&quot;,\n    &quot;slug&quot;: &quot;french-1&quot;,\n    &quot;align&quot;: &quot;wide&quot;,\n    &quot;customSlug&quot;: false\n}\">\n    \n\tNo courses found for given input data and semester (SoSe 2026)<hr>\n<p>\n\tSoSe 2026\t<\/p>\n\n\n\n\n<p class=\"has-big-font-size\">If you do not see a course offer here, an intensive course for this language will be offered at the end of the next semester.<\/p>\n\n\n<\/jgu-base-tabsitem>\n\n<jgu-base-tabsitem react-props=\"{\n    &quot;title&quot;: &quot;Spanish&quot;,\n    &quot;slug&quot;: &quot;spanish-1&quot;,\n    &quot;align&quot;: &quot;wide&quot;,\n    &quot;customSlug&quot;: false\n}\">\n    \n\tNo courses found for given input data and semester (SoSe 2026)<hr>\n<p>\n\tSoSe 2026\t<\/p>\n\n\n\n\n<p class=\"has-big-font-size\">If you do not see a course offer here, an intensive course for this language will be offered at the end of the next semester.<\/p>\n\n\n<\/jgu-base-tabsitem>\n\n<jgu-base-tabsitem react-props=\"{\n    &quot;title&quot;: &quot;Italian&quot;,\n    &quot;slug&quot;: &quot;italian-1&quot;,\n    &quot;align&quot;: &quot;wide&quot;,\n    &quot;customSlug&quot;: false\n}\">\n    \n\tNo courses found for given input data and semester (SoSe 2026)<hr>\n<p>\n\tSoSe 2026\t<\/p>\n\n\n\n\n<p class=\"has-big-font-size\">If you do not see a course offer here, an intensive course for this language will be offered at the end of the next semester.<\/p>\n\n\n<\/jgu-base-tabsitem>\n\n<\/jgu-base-tabs><\/div>\n<\/div>\n\n\n\n<p class=\"has-big-font-size\">For JGU students, the credits earned are listed under &#8220;Additional qualifications&#8221; on the transcript of records. Students in joint or integrated degree programs and employees will be issued a certificate upon request. <\/p>\n\n\n\n<div style=\"height:250px\" aria-hidden=\"true\" class=\"wp-block-spacer\"><\/div>\n<\/div><\/div>\n<\/jgu-base-section><div\n\tclass=\"jgu-anchorpoint\"\n\tid=\"step 2 course selection\"\n\tdata-label=\"Step 2: Course selection\"\n\tdata-hide-in-nav=\"false\"\n\ttabindex=\"0\"\n\tdata-initial-scroll=\"true\"\n><\/div>\n<jgu-base-section react-props=\"{&quot;color&quot;:&quot;white&quot;,&quot;align&quot;:&quot;wide&quot;,&quot;padding&quot;:&quot;medium&quot;}\">\n<div class=\"jgu-bgsection bg bg-white \"><div class=\"content padding-medium\">\n<p class=\"has-big-font-size\">We offer a range of language courses with different language levels. In order for us to find the appropriate course for you, we need you to provide us with proof of your language level. There are various options to do this:  <\/p>\n\n\n<jgu-base-accordion react-props=\"{&quot;selected&quot;:3,&quot;align&quot;:&quot;wide&quot;,&quot;hasAllOpenButton&quot;:true,&quot;onlyOne&quot;:false,&quot;initAllClosed&quot;:true,&quot;enableSearch&quot;:false}\">\n    \n<jgu-base-accordionitem react-props=\"{&quot;title&quot;:&quot;Without prior knowledge&quot;,&quot;init&quot;:false,&quot;slug&quot;:&quot;ohne-vorkenntnisse&quot;,&quot;align&quot;:&quot;wide&quot;,&quot;customSlug&quot;:false}\">\n    \n\n<p class=\"has-big-font-size\">Choose an A1 course from our range in Jogustine. You do not need a certificate or a placement test for this course. We do not offer any A1 courses in English.    <\/p>\n\n\n<\/jgu-base-accordionitem>\n\n<jgu-base-accordionitem react-props=\"{&quot;title&quot;:&quot;Previous knowledge WITH proof of language proficiency through successful participation in an ISSK course&quot;,&quot;init&quot;:false,&quot;slug&quot;:&quot;vorkenntnisse-mit-sprachnachweis-uber-eine-erfolgreiche-teilnahme-an-einem-issk-kurs&quot;,&quot;align&quot;:&quot;wide&quot;,&quot;customSlug&quot;:false}\">\n    \n\n<p class=\"has-big-font-size\">Access to the courses is possible for continuing students who have already attended and passed courses at the ISSK in the last two semesters. Submitting a proof or certificate is not required as we can retrieve your results at any time. <\/p>\n\n\n<\/jgu-base-accordionitem>\n\n<jgu-base-accordionitem react-props=\"{&quot;title&quot;:&quot;Previous knowledge WITH proof of language proficiency certificate&quot;,&quot;init&quot;:false,&quot;slug&quot;:&quot;vorkenntnisse-mit-sprachnachweis-uber-ein-zertifikat&quot;,&quot;align&quot;:&quot;wide&quot;,&quot;customSlug&quot;:false}\">\n    \n\n<p class=\"has-big-font-size\">If you have a recognized certificate not older than three years, please forward the certificate by e-mail, stating your course request:<\/p>\n\n\n\n<p class=\"has-big-font-size\">English: <a href=\"mailto:issk-sprachnachweis-englisch@uni-mainz.de\" target=\"_blank\" rel=\"noreferrer noopener\">issk-sprachnachweis-englisch@uni-mainz.de<\/a><\/p>\n\n\n\n<p class=\"has-big-font-size\">French: <a href=\"mailto:issk-sprachnachweis-franzoesisch@uni-mainz.de\" target=\"_blank\" rel=\"noreferrer noopener\">issk-sprachnachweis-franzoesisch@uni-mainz.de<\/a><\/p>\n\n\n\n<p class=\"has-big-font-size\">Spanish: <a href=\"mailto:issk-sprachnachweis-spanisch@uni-mainz.de\" target=\"_blank\" rel=\"noreferrer noopener\">issk-sprachnachweis-spanisch@uni-mainz.de<\/a><\/p>\n\n\n\n<p class=\"has-big-font-size\">Italian: <a href=\"mailto:issk-sprachnachweis-italienisch@uni-mainz.de\" target=\"_blank\" rel=\"noreferrer noopener\">issk-sprachnachweis-italienisch@uni-mainz.de<\/a><\/p>\n\n\n\n<p class=\"has-big-font-size\">The following certificates are recognized by us:  <\/p>\n\n\n<jgu-base-button style=\"display: flex; flex-wrap: wrap; column-gap: 30px; max-width: 100%; flex-direction: row; justify-content: left\">\n  \n<jgu-base-buttonitem react-props=\"{\n    &quot;text&quot;: &quot;Approved certificates as proof of level&quot;,\n    &quot;link&quot;: {\n        &quot;url&quot;: &quot;https:\\\/\\\/cms.zdv.uni-mainz.de\\\/issk\\\/wp-content\\\/uploads\\\/sites\\\/567\\\/2025\\\/04\\\/Zugelassene-Zertifikate_Februar-26.pdf&quot;,\n        &quot;linkTarget&quot;: &quot;&quot;,\n        &quot;rel&quot;: &quot;&quot;\n    },\n    &quot;align&quot;: &quot;left&quot;,\n    &quot;styling&quot;: &quot;primary&quot;,\n    &quot;icon&quot;: &quot;arrow-right-solid&quot;,\n    &quot;type&quot;: &quot;default&quot;,\n    &quot;iconBefore&quot;: false,\n    &quot;isSmall&quot;: false,\n    &quot;fullWidth&quot;: false,\n    &quot;className&quot;: &quot;&quot;\n}\"><\/jgu-base-buttonitem>\n\n<\/jgu-base-button>\n\n\n<div style=\"height:90px\" aria-hidden=\"true\" class=\"wp-block-spacer\"><\/div>\n\n\n<\/jgu-base-accordionitem>\n\n<jgu-base-accordionitem react-props=\"{&quot;title&quot;:&quot;Previous knowledge WITHOUT proof of language proficiency: Participation in a placement test&quot;,&quot;init&quot;:false,&quot;slug&quot;:&quot;vorkenntnisse-ohne-sprachnachweis-teilnahme-an-einem-einstufungstest&quot;,&quot;align&quot;:&quot;wide&quot;,&quot;customSlug&quot;:false}\">\n    \n\n<p class=\"has-big-font-size\">All prospective course participants who have language proficiency in the offered spokespersons, but cannot prove this either through a recognized language certificate or through a completed course at the ISSK, must take part in our placement test. This takes place in digital form approximately one month before the beginning of the lecture period. (<a href=\"https:\/\/cms.zdv.uni-mainz.de\/en\/issk\/termine#fs\" data-type=\"link\" data-id=\"https:\/\/www.issk.uni-mainz.de\/termine#fs\">Dates for the placement test<\/a>) This is a so-called C-test, which consists of 4 texts with gaps that you have to fill in analogously.  Registration in the placement test is not necessary. <\/p>\n\n\n\n<p class=\"has-big-font-size\">You can find an explanation of the process here:<\/p>\n\n\n<jgu-base-button style=\"display: flex; flex-wrap: wrap; column-gap: 30px; max-width: 100%; flex-direction: row; justify-content: left\">\n  \n<jgu-base-buttonitem react-props=\"{\n    &quot;text&quot;: &quot;Explanations of the C-test procedure&quot;,\n    &quot;link&quot;: {\n        &quot;url&quot;: &quot;https:\\\/\\\/cms.zdv.uni-mainz.de\\\/issk\\\/wp-content\\\/uploads\\\/sites\\\/567\\\/2025\\\/04\\\/Einstufungstests-ILIAS-Anleitung.pdf&quot;,\n        &quot;linkTarget&quot;: &quot;&quot;,\n        &quot;rel&quot;: &quot;&quot;,\n        &quot;opensInNewTab&quot;: true\n    },\n    &quot;align&quot;: &quot;left&quot;,\n    &quot;styling&quot;: &quot;primary&quot;,\n    &quot;icon&quot;: &quot;arrow-right-solid&quot;,\n    &quot;type&quot;: &quot;default&quot;,\n    &quot;iconBefore&quot;: false,\n    &quot;isSmall&quot;: false,\n    &quot;fullWidth&quot;: false,\n    &quot;className&quot;: &quot;&quot;\n}\"><\/jgu-base-buttonitem>\n\n<\/jgu-base-button>\n\n<jgu-base-button style=\"display: flex; flex-wrap: wrap; column-gap: 30px; max-width: 100%; flex-direction: row; justify-content: left\">\n  \n<jgu-base-buttonitem react-props=\"{\n    &quot;text&quot;: &quot;Example of a C-test courtesy by the University of M\\u00fcnster&quot;,\n    &quot;link&quot;: {\n        &quot;url&quot;: &quot; \\nhttps:\\\/\\\/www.uni-muenster.de\\\/SPZCT\\\/demo?clearStack=true&quot;,\n        &quot;linkTarget&quot;: &quot;&quot;,\n        &quot;rel&quot;: &quot;&quot;,\n        &quot;opensInNewTab&quot;: true\n    },\n    &quot;align&quot;: &quot;left&quot;,\n    &quot;styling&quot;: &quot;primary&quot;,\n    &quot;icon&quot;: &quot;arrow-right-solid&quot;,\n    &quot;type&quot;: &quot;default&quot;,\n    &quot;iconBefore&quot;: false,\n    &quot;isSmall&quot;: false,\n    &quot;fullWidth&quot;: false,\n    &quot;className&quot;: &quot;&quot;\n}\"><\/jgu-base-buttonitem>\n\n<\/jgu-base-button>\n\n\n<p class=\"has-big-font-size\">The result of the placement test shows the level of the course for which you may register in the following semester (e.g. test result A2 &#8211; registration for course A2). The result of placement test is valid for one year. <\/p>\n\n\n<\/jgu-base-accordionitem>\n\n<\/jgu-base-accordion>\n\n\n\n<div style=\"height:516px\" aria-hidden=\"true\" class=\"wp-block-spacer\"><\/div>\n\n\n<div\n\tclass=\"jgu-anchorpoint\"\n\tid=\"step-3-registration\"\n\tdata-label=\"Step 3: Registration\"\n\tdata-hide-in-nav=\"false\"\n\ttabindex=\"0\"\n\tdata-initial-scroll=\"true\"\n><\/div>\n\n\n<jgu-base-heading react-props=\"{\n    &quot;color&quot;: &quot;default&quot;,\n    &quot;tags&quot;: {\n        &quot;htmlTag&quot;: &quot;h2&quot;,\n        &quot;classTag&quot;: &quot;h3&quot;,\n        &quot;tag&quot;: &quot;h2.h3&quot;\n    },\n    &quot;heading&quot;: &quot;Registration&quot;,\n    &quot;textAlign&quot;: &quot;left&quot;,\n    &quot;anchor&quot;: &quot;&quot;,\n    &quot;index&quot;: &quot;&quot;\n}\"><\/jgu-base-heading>\n<\/div><\/div>\n<\/jgu-base-section><jgu-base-section react-props=\"{&quot;color&quot;:&quot;light&quot;,&quot;align&quot;:&quot;wide&quot;,&quot;padding&quot;:&quot;medium&quot;}\">\n<div class=\"jgu-bgsection bg bg-light \"><div class=\"content padding-medium\"><jgu-base-tabs react-props=\"{\n    &quot;align&quot;: &quot;wide&quot;,\n    &quot;selected&quot;: 1,\n    &quot;ratio&quot;: 0,\n    &quot;autoRatio&quot;: true,\n    &quot;stackMobile&quot;: false,\n    &quot;hasAllOpenButton&quot;: true,\n    &quot;onlyOne&quot;: false,\n    &quot;initAllClosed&quot;: true,\n    &quot;enableSearch&quot;: false,\n    &quot;layout&quot;: {\n        &quot;type&quot;: &quot;flex&quot;,\n        &quot;flexWrap&quot;: &quot;nowrap&quot;,\n        &quot;justifyContent&quot;: &quot;space-between&quot;,\n        &quot;orientation&quot;: &quot;horizontal&quot;\n    }\n}\">\n    \n<jgu-base-tabsitem react-props=\"{\n    &quot;title&quot;: &quot;Students JGU&quot;,\n    &quot;slug&quot;: &quot;students-jgu&quot;,\n    &quot;align&quot;: &quot;wide&quot;,\n    &quot;customSlug&quot;: false\n}\">\n    \n\n<p class=\"has-big-font-size\"><br\/>Registration for the language courses takes place in <a href=\"https:\/\/jogustine.uni-mainz.de\/\" target=\"_blank\" rel=\"noreferrer noopener\">JOGU-StiNe<\/a>. <strong><a href=\"https:\/\/cms.zdv.uni-mainz.de\/en\/issk\/termine#fs\"><strong><\/strong><\/a><strong><a href=\"https:\/\/cms.zdv.uni-mainz.de\/en\/issk\/termine#fs\">Here you can find dates for registration.<\/a><\/strong><\/strong><\/p>\n\n\n\n<p class=\"has-big-font-size\">Registration method JOGU-StINe:<\/p>\n\n\n\n<ol class=\"wp-block-list\">\n<li>Log in with your JGU account (login name &amp; password) on the JOGU-StiNE home page (top right)<\/li>\n\n\n\n<li>Studies<\/li>\n\n\n\n<li>Modules\/events<\/li>\n\n\n\n<li>Registration<\/li>\n\n\n\n<li>Module\/event registration<\/li>\n\n\n\n<li>Additional qualifications<\/li>\n\n\n\n<li>International Preparatory and Language Center<\/li>\n<\/ol>\n\n\n\n<p class=\"has-big-font-size\">Please note the following:<\/p>\n\n\n\n<ul class=\"wp-block-list has-big-font-size\">\n<li>Places are allocated on a first come, first served basis.<\/li>\n\n\n\n<li>Registrations are first checked for the specific level. A \u201cpending\u201d registration is not a binding confirmation. This only takes place after examination of the participation requirements.  <\/li>\n\n\n\n<li>It may be possible to participate if a course place becomes available. If this possibility passes, you will be informed by the coordinator. <\/li>\n\n\n\n<li>If you cannot or do not wish to attend the course you have chosen, please contact the <a href=\"https:\/\/www.issk.uni-mainz.de\/en\/fremdsprachen\/#kontakt\">coordination<\/a> by e-mail.<\/li>\n\n\n\n<li>Multiple registrations for the same language are not permitted in most cases and will result in the deletion of all course registrations (e.g. French A1 and French A2 may not be attended at the same time). In English, you may take some courses at the same time (see respective course descriptions). The grammar course in Spanish can also be combined with another general course.  <\/li>\n\n\n\n<li>Of course, you can attend courses in different spokespersons at the same time (e.g. Spanish A1 and French A1).<\/li>\n\n\n\n<li>You can repeat a language course that you have not passed.  <\/li>\n\n\n\n<li>You can repeat a course you have already attended and passed, provided there are places available. Please contact the <a href=\"https:\/\/www.issk.uni-mainz.de\/en\/fremdsprachen\/#kontakt\">coordinator<\/a>. <\/li>\n\n\n\n<li>It is not possible to acquire further ECTS credits for a course that has already been attended and passed.  <\/li>\n<\/ul>\n\n\n\n<div style=\"height:553px\" aria-hidden=\"true\" class=\"wp-block-spacer\"><\/div>\n\n\n<\/jgu-base-tabsitem>\n\n<jgu-base-tabsitem react-props=\"{\n    &quot;title&quot;: &quot;JGU employees&quot;,\n    &quot;slug&quot;: &quot;employees-jgu&quot;,\n    &quot;align&quot;: &quot;wide&quot;,\n    &quot;customSlug&quot;: false\n}\">\n    \n\n<p class=\"has-big-font-size\"><br\/>Registration for foreign language courses takes place in <a href=\"https:\/\/cndsf.zdv.uni-mainz.de\/IdentityServer\/Account\/Login?ReturnUrl=%2FIdentityServer%2Fconnect%2Fauthorize%2Fcallback%3Fclient_id%3DClassicWeb%26scope%3Dopenid%2520DSF%26response_mode%3Dquery%26response_type%3Dcode%26redirect_uri%3Dhttps%253A%252F%252Fjogustine.uni-mainz.de%252Fscripts%252Fmgrqispi.dll%253FAPPNAME%253DCampusNet%2526PRGNAME%253DLOGINCHECK%2526ARGUMENTS%253D-N000000000000001,ids_mode%2526ids_mode%253DY\" target=\"_blank\" rel=\"noreferrer noopener\">JOGU-StiNe<\/a>. <strong><a href=\"https:\/\/www.issk.uni-mainz.de\/en\/dates\/#fs\">Here you will find dates for registration.<\/a><\/strong><\/p>\n\n\n\n<p class=\"has-big-font-size\">Registration method JOGU-StINe:<\/p>\n\n\n\n<ol class=\"wp-block-list\">\n<li>Log in with your JGU account (login name &amp; password) on the JOGU-StiNE home page (top right)<\/li>\n\n\n\n<li>Staff courses<\/li>\n\n\n\n<li>Registration<\/li>\n\n\n\n<li>International Preparatory and Language Center<\/li>\n<\/ol>\n\n\n\n<p class=\"has-big-font-size\">Important:<\/p>\n\n\n\n<ul class=\"wp-block-list has-big-font-size\">\n<li>Please note that you will not receive a confirmation email.<\/li>\n\n\n\n<li>Multiple registrations for the same language are not permitted in most cases and will result in the deletion of all course registrations (e.g. French A1 and French A2 may not be attended at the same time). In English, you may take some courses at the same time (see respective course descriptions). The grammar course in Spanish can also be combined with another general course.  <\/li>\n<\/ul>\n\n\n\n<div style=\"height:562px\" aria-hidden=\"true\" class=\"wp-block-spacer\"><\/div>\n\n\n<\/jgu-base-tabsitem>\n\n<\/jgu-base-tabs><\/div><\/div>\n<\/jgu-base-section><div\n\tclass=\"jgu-anchorpoint\"\n\tid=\"contact\"\n\tdata-label=\"Contact\"\n\tdata-hide-in-nav=\"false\"\n\ttabindex=\"0\"\n\tdata-initial-scroll=\"true\"\n><\/div>\n<jgu-base-heading react-props=\"{\n    &quot;index&quot;: &quot;Contact&quot;,\n    &quot;tags&quot;: {\n        &quot;htmlTag&quot;: &quot;h2&quot;,\n        &quot;classTag&quot;: &quot;h3&quot;,\n        &quot;tag&quot;: &quot;h2.h3&quot;\n    },\n    &quot;heading&quot;: &quot;Student Office Foreign Languages&quot;,\n    &quot;textAlign&quot;: &quot;left&quot;,\n    &quot;anchor&quot;: &quot;&quot;,\n    &quot;color&quot;: &quot;red&quot;\n}\"><\/jgu-base-heading>\n<jgu-base-idm-person react-props=\"{\n    &quot;id&quot;: &quot;1338&quot;,\n    &quot;link&quot;: &quot;false&quot;,\n    &quot;organizationId&quot;: 459,\n    &quot;roleId&quot;: 5,\n    &quot;skipDetails&quot;: [\n        &quot;address&quot;\n    ],\n    &quot;name&quot;: &quot;&quot;,\n    &quot;align&quot;: &quot;left&quot;,\n    &quot;color&quot;: &quot;default&quot;,\n    &quot;mode&quot;: &quot;edit&quot;,\n    &quot;linkType&quot;: &quot;false&quot;\n}\">\n        \n<\/jgu-base-idm-person>\n<jgu-base-section react-props=\"{&quot;color&quot;:&quot;white&quot;,&quot;align&quot;:&quot;wide&quot;,&quot;padding&quot;:&quot;medium&quot;}\">\n<div class=\"jgu-bgsection bg bg-white \"><div class=\"content padding-medium\"><jgu-base-heading react-props=\"{\n    &quot;tags&quot;: {\n        &quot;htmlTag&quot;: &quot;h2&quot;,\n        &quot;classTag&quot;: &quot;h3&quot;,\n        &quot;tag&quot;: &quot;h2.h3&quot;\n    },\n    &quot;heading&quot;: &quot;Foreign languages team leader&quot;,\n    &quot;textAlign&quot;: &quot;left&quot;,\n    &quot;anchor&quot;: &quot;&quot;,\n    &quot;index&quot;: &quot;&quot;,\n    &quot;color&quot;: &quot;red&quot;\n}\"><\/jgu-base-heading>\n\n\n<jgu-base-idm-person react-props=\"{\n    &quot;id&quot;: &quot;5214&quot;,\n    &quot;link&quot;: &quot;false&quot;,\n    &quot;organizationId&quot;: 459,\n    &quot;roleId&quot;: 16,\n    &quot;name&quot;: &quot;&quot;,\n    &quot;skipDetails&quot;: [],\n    &quot;align&quot;: &quot;left&quot;,\n    &quot;color&quot;: &quot;default&quot;,\n    &quot;mode&quot;: &quot;edit&quot;,\n    &quot;linkType&quot;: &quot;false&quot;\n}\">\n        \n<\/jgu-base-idm-person>\n\n\n\n<div class=\"wp-block-columns is-layout-flex wp-container-core-columns-is-layout-9d6595d7 wp-block-columns-is-layout-flex\">\n<div class=\"wp-block-column is-layout-flow wp-block-column-is-layout-flow\"><jgu-base-heading react-props=\"{\n    &quot;tags&quot;: {\n        &quot;htmlTag&quot;: &quot;h2&quot;,\n        &quot;classTag&quot;: &quot;h3&quot;,\n        &quot;tag&quot;: &quot;h2.h3&quot;\n    },\n    &quot;heading&quot;: &quot;Italian coordination&quot;,\n    &quot;textAlign&quot;: &quot;left&quot;,\n    &quot;anchor&quot;: &quot;&quot;,\n    &quot;index&quot;: &quot;&quot;,\n    &quot;color&quot;: &quot;red&quot;\n}\"><\/jgu-base-heading>\n\n\n<jgu-base-idm-person react-props=\"{\n    &quot;id&quot;: &quot;1157&quot;,\n    &quot;link&quot;: &quot;false&quot;,\n    &quot;organizationId&quot;: 459,\n    &quot;roleId&quot;: 16,\n    &quot;name&quot;: &quot;&quot;,\n    &quot;skipDetails&quot;: [],\n    &quot;align&quot;: &quot;left&quot;,\n    &quot;color&quot;: &quot;default&quot;,\n    &quot;mode&quot;: &quot;edit&quot;,\n    &quot;linkType&quot;: &quot;false&quot;\n}\">\n        \n<\/jgu-base-idm-person>\n\n\n<jgu-base-heading react-props=\"{\n    &quot;tags&quot;: {\n        &quot;htmlTag&quot;: &quot;h2&quot;,\n        &quot;classTag&quot;: &quot;h3&quot;,\n        &quot;tag&quot;: &quot;h2.h3&quot;\n    },\n    &quot;heading&quot;: &quot;English coordination&quot;,\n    &quot;textAlign&quot;: &quot;left&quot;,\n    &quot;anchor&quot;: &quot;&quot;,\n    &quot;index&quot;: &quot;&quot;,\n    &quot;color&quot;: &quot;red&quot;\n}\"><\/jgu-base-heading>\n\n\n<jgu-base-idm-person react-props=\"{\n    &quot;id&quot;: &quot;8113&quot;,\n    &quot;link&quot;: &quot;false&quot;,\n    &quot;organizationId&quot;: 459,\n    &quot;roleId&quot;: 16,\n    &quot;name&quot;: &quot;&quot;,\n    &quot;skipDetails&quot;: [],\n    &quot;align&quot;: &quot;left&quot;,\n    &quot;color&quot;: &quot;default&quot;,\n    &quot;mode&quot;: &quot;edit&quot;,\n    &quot;linkType&quot;: &quot;false&quot;\n}\">\n        \n<\/jgu-base-idm-person>\n<\/div>\n\n\n\n<div class=\"wp-block-column is-layout-flow wp-block-column-is-layout-flow\"><jgu-base-heading react-props=\"{\n    &quot;tags&quot;: {\n        &quot;htmlTag&quot;: &quot;h2&quot;,\n        &quot;classTag&quot;: &quot;h3&quot;,\n        &quot;tag&quot;: &quot;h2.h3&quot;\n    },\n    &quot;heading&quot;: &quot;Spanish coordination&quot;,\n    &quot;textAlign&quot;: &quot;left&quot;,\n    &quot;anchor&quot;: &quot;&quot;,\n    &quot;index&quot;: &quot;&quot;,\n    &quot;color&quot;: &quot;red&quot;\n}\"><\/jgu-base-heading>\n\n\n<jgu-base-idm-person react-props=\"{\n    &quot;id&quot;: &quot;4907&quot;,\n    &quot;link&quot;: &quot;false&quot;,\n    &quot;organizationId&quot;: 459,\n    &quot;roleId&quot;: 16,\n    &quot;name&quot;: &quot;&quot;,\n    &quot;skipDetails&quot;: [],\n    &quot;align&quot;: &quot;left&quot;,\n    &quot;color&quot;: &quot;default&quot;,\n    &quot;mode&quot;: &quot;edit&quot;,\n    &quot;linkType&quot;: &quot;false&quot;\n}\">\n        \n<\/jgu-base-idm-person>\n\n\n<jgu-base-heading react-props=\"{\n    &quot;tags&quot;: {\n        &quot;htmlTag&quot;: &quot;h2&quot;,\n        &quot;classTag&quot;: &quot;h3&quot;,\n        &quot;tag&quot;: &quot;h2.h3&quot;\n    },\n    &quot;heading&quot;: &quot;French coordination&quot;,\n    &quot;textAlign&quot;: &quot;left&quot;,\n    &quot;anchor&quot;: &quot;&quot;,\n    &quot;index&quot;: &quot;&quot;,\n    &quot;color&quot;: &quot;red&quot;\n}\"><\/jgu-base-heading>\n\n\n<jgu-base-idm-person react-props=\"{\n    &quot;id&quot;: &quot;313636&quot;,\n    &quot;link&quot;: &quot;false&quot;,\n    &quot;organizationId&quot;: 459,\n    &quot;roleId&quot;: 16,\n    &quot;name&quot;: &quot;&quot;,\n    &quot;skipDetails&quot;: [],\n    &quot;align&quot;: &quot;left&quot;,\n    &quot;color&quot;: &quot;default&quot;,\n    &quot;mode&quot;: &quot;edit&quot;,\n    &quot;linkType&quot;: &quot;false&quot;\n}\">\n        \n<\/jgu-base-idm-person>\n<\/div>\n<\/div>\n\n\n<jgu-base-heading react-props=\"{\n    &quot;tags&quot;: {\n        &quot;htmlTag&quot;: &quot;h2&quot;,\n        &quot;classTag&quot;: &quot;&quot;,\n        &quot;tag&quot;: &quot;h2&quot;\n    },\n    &quot;heading&quot;: &quot;Adjunct lecturers in foreign languages&quot;,\n    &quot;textAlign&quot;: &quot;left&quot;,\n    &quot;anchor&quot;: &quot;&quot;,\n    &quot;index&quot;: &quot;&quot;,\n    &quot;color&quot;: &quot;red&quot;\n}\"><\/jgu-base-heading>\n\n\n\n<div class=\"wp-block-columns is-layout-flex wp-container-core-columns-is-layout-9d6595d7 wp-block-columns-is-layout-flex\">\n<div class=\"wp-block-column is-layout-flow wp-block-column-is-layout-flow\">\n<figure class=\"wp-block-table is-style-regular\"><table><thead><tr><th>Foreign language<\/th><th>Adjunct lecturer<\/th><th>Email address<\/th><\/tr><\/thead><tbody><tr><td>English<\/td><td>Patrick Donoghue<\/td><td><a href=\"mailto:pdonoghu@uni-mainz.de\">pdonoghu@uni-mainz.de<\/a><\/td><\/tr><tr><td><\/td><td>Yasamin Khalighi<\/td><td><a href=\"mailto:yakhalig@uni-mainz.de\">yakhalig@uni-mainz.de<\/a><\/td><\/tr><tr><td><\/td><td>Jasmin Vishvanath<\/td><td><a href=\"mailto:vishvana@uni-mainz.de\">vishvana@uni-mainz.de<\/a><\/td><\/tr><tr><td>French<\/td><td>Aboub Abdesslem<\/td><td><a href=\"mailto:aboub@uni-mainz.de\">aboub@uni-mainz.de<\/a><\/td><\/tr><tr><td><\/td><td>St\u00e9phane Fernandes<\/td><td><a href=\"mailto:fernanst@uni-mainz.de\">fernanst@uni-mainz.de<\/a><\/td><\/tr><tr><td><\/td><td>Louis Matthay<\/td><td><a href=\"mailto:matthayl@uni-mainz.de\">matthayl@uni-mainz.de<\/a><\/td><\/tr><tr><td><\/td><td>Angelica Razafinjatovo<\/td><td><a href=\"mailto:anrazafi@uni-mainz.de\">anrazafi@uni-mainz.de<\/a><\/td><\/tr><tr><td><\/td><td>Jenny Toussaint<\/td><td><a href=\"mailto:jetoussa@uni-mainz.de\">jetoussa@uni-mainz.de<\/a><\/td><\/tr><tr><td><\/td><td>Rafeka Azzouza-Waldherr<\/td><td><a href=\"mailto:oazzouza@uni-mainz.de\">oazzouza@uni-mainz.de<\/a><\/td><\/tr><tr><td>Italian<\/td><td>Cecilia Bonfanti<\/td><td><a href=\"mailto:cbonfant@uni-mainz.de\">cbonfant@uni-mainz.de<\/a><\/td><\/tr><tr><td><\/td><td>Laura Cecchin<\/td><td><a href=\"mailto:cecchinl@uni-mainz.de\">cecchinl@uni-mainz.de<\/a><\/td><\/tr><tr><td><\/td><td>Maria La Fratta<\/td><td><a href=\"mailto:malafrat@uni-mainz.de\">malafrat@uni-mainz.de<\/a><\/td><\/tr><tr><td><\/td><td>Dr. Veliana Olivieri<\/td><td><a href=\"mailto:volivier@uni-mainz.de\">volivier@uni-mainz.de<\/a><\/td><\/tr><tr><td>Spanish<\/td><td>Jos\u00e9 Luis Angulo<\/td><td><a href=\"mailto:angulomj@uni-mainz.de\">angulomj@uni-mainz.de<\/a><\/td><\/tr><tr><td><\/td><td>Carlos Antr\u00e0s Sol\u00e9<\/td><td><a href=\"mailto:cantrass@uni-mainz.de\">cantrass@uni-mainz.de<\/a><\/td><\/tr><tr><td><\/td><td>Dr. Ana Bel\u00e9n C\u00e1novas<\/td><td><a href=\"mailto:acnovasv@uni-mainz.de\">acnovasv@uni-mainz.de<\/a><\/td><\/tr><tr><td><\/td><td>Sara Gil<\/td><td><a href=\"mailto:sgilbell@uni-mainz.de\">sgilbell@uni-mainz.de<\/a><\/td><\/tr><tr><td><\/td><td>Celinda Muro<\/td><td><a href=\"mailto:celinda.muro@uni-mainz.de\">celinda.muro@uni-mainz.de<\/a><\/td><\/tr><tr><td><\/td><td>Carlos Helber Fajardo<\/td><td><a href=\"mailto:cahelber@uni-mainz.de\">cahelber@uni-mainz.de<\/a><\/td><\/tr><tr><td><\/td><td>Dr. Remedios Solano<\/td><td><a href=\"mailto:rsolanor@uni-mainz.de\">rsolanor@uni-mainz.de<\/a><\/td><\/tr><tr><td><\/td><td>Andrea Parada<\/td><td><a href=\"mailto:aparadad@uni-mainz.de\">aparadad@uni-mainz.de<\/a><\/td><\/tr><tr><td><\/td><td>Juan Antonio Wirtz<\/td><td><a href=\"mailto:juwirtz@uni-mainz.de\">juwirtz@uni-mainz.de  <\/a><\/td><\/tr><tr><td>Turkish<\/td><td>Yonca Cakar<\/td><td><a href=\"mailto:ycakar@uni-mainz.de\">ycakar@uni-mainz.de<\/a><\/td><\/tr><tr><td>Arabic<\/td><td>Rafeka Azzouza-Waldherr<\/td><td><a href=\"mailto:oazzouza@uni-mainz.de\">oazzouza@uni-mainz.de<\/a><\/td><\/tr><\/tbody><\/table><\/figure>\n<\/div>\n\n\n\n<div class=\"wp-block-column is-layout-flow wp-block-column-is-layout-flow\" style=\"flex-basis:50%\"><\/div>\n<\/div>\n<\/div><\/div>\n<\/jgu-base-section>    <div style=\"display: none\">\n        \n    <\/div>","protected":false},"excerpt":{"rendered":"<p>In the foreign language section of the ISSK, students, doctoral candidates, postdocs, visiting scholars and employees at JGU have the opportunity to attend language courses free of charge during the semester. Please note &#8211; The registration times of the ISSK courses differ from the registration phases of the regular JGU semester events. Please find specific &hellip; <a href=\"https:\/\/www.issk.uni-mainz.de\/en\/fremdsprachen\/\">Continued<\/a><\/p>\n","protected":false},"author":1236,"featured_media":0,"parent":0,"menu_order":1,"comment_status":"closed","ping_status":"closed","template":"","meta":{"footnotes":""},"categories":[],"tags":[],"class_list":["post-12586","page","type-page","status-publish","hentry"],"content_raw":"<!-- wp:jgu\/pageheader {\"items\":[{\"box\":{\"index\":\"\",\"title\":\"Foreign language courses accompanying studies\",\"link\":{\"url\":\"\",\"title\":\"Learn more\"}},\"color\":\"red\",\"image\":{\"url\":null,\"id\":13098},\"imgCredit\":\"\",\"useVideo\":false,\"video\":false}],\"type\":\"default\"} \/--><!-- wp:paragraph {\"translatedWithWPMLTM\":\"1\"} -->\n<p class=\"has-big-font-size\">In the foreign language section of the ISSK, students, doctoral candidates, postdocs, visiting scholars and employees at JGU have the opportunity to attend language courses free of charge during the semester.<br\/><br\/>Please note - The registration times of the ISSK courses differ from the registration phases of the regular JGU semester events. <strong><a href=\"https:\/\/www.issk.uni-mainz.de\/en\/dates\/\"><\/a><a href=\"https:\/\/www.issk.uni-mainz.de\/en\/dates\/#fs\">Please find specific dates for registration here.<\/a><\/strong><br\/><br\/>Register to your language course in three steps - we look forward to seeing you!<\/p>\n<!-- \/wp:paragraph --><!-- wp:jgu\/anchornavigation \/--><!-- wp:jgu\/anchorpoint {\"title\":\"Step 1: Course offer\",\"slug\":\"step 1 course offer\"} \/--><!-- wp:jgu\/section {\"color\":\"light\"} -->\n<div class=\"jgu-bgsection bg bg-light \"><div class=\"content padding-medium\"><!-- wp:jgu\/heading {\"color\":\"default\",\"tags\":{\"htmlTag\":\"h2\",\"classTag\":\"h3\",\"tag\":\"h2.h3\"},\"heading\":\"Courses offered during the lecture period\"} \/-->\n\n<!-- wp:paragraph {\"translatedWithWPMLTM\":\"1\"} -->\n<p class=\"has-big-font-size\">Our language courses are divided into different levels according to the Common European Framework of Reference for Languages (CEFR), and some have specific focuses (e.g. professional and academic English). You can find more details and the registration function in <a href=\"https:\/\/jogustine.uni-mainz.de\/\" target=\"_blank\" rel=\"noreferrer noopener\">JOGU-StINe<\/a>. <\/p>\n<!-- \/wp:paragraph -->\n\n<!-- wp:paragraph {\"translatedWithWPMLTM\":\"1\"} -->\n<p class=\"has-big-font-size\">Depending on the language, our range of courses includes elementary (A1 and A2), independent (B1 and B2) and proficient (C1) language use. Courses are not always available in all languages and at all levels. <\/p>\n<!-- \/wp:paragraph -->\n\n<!-- wp:columns {\"className\":\"\"} -->\n<div class=\"wp-block-columns\"><!-- wp:column {\"width\":\"10%\"} -->\n<div class=\"wp-block-column\" style=\"flex-basis:10%\"><\/div>\n<!-- \/wp:column -->\n\n<!-- wp:column {\"width\":\"80%\"} -->\n<div class=\"wp-block-column\" style=\"flex-basis:80%\"><!-- wp:paragraph {\"translatedWithWPMLTM\":\"1\"} -->\n<p class=\"has-big-font-size\">Here you will find an overview of the foreign languages offered by the ISSK and other language courses at JGU:<\/p>\n<!-- \/wp:paragraph -->\n\n<!-- wp:jgu\/tabs {\"layout\":{\"type\":\"flex\",\"flexWrap\":\"nowrap\",\"justifyContent\":\"left\",\"orientation\":\"vertical\"}} -->\n<!-- wp:jgu\/tabs-item {\"title\":\"English\",\"slug\":\"english-1\"} -->\n<!-- wp:jgu\/jogustine {\"orgunit\":\" Internationales Studien- und Sprachenkolleg (ISSK)\",\"semester\":\"SoSe 2026\",\"instructor\":\"Anita Gerhard\"} \/-->\n<!-- \/wp:jgu\/tabs-item -->\n\n<!-- wp:jgu\/tabs-item {\"title\":\"Spanish\",\"slug\":\"spanish-1\"} -->\n<!-- wp:jgu\/jogustine {\"orgunit\":\"Internationales Studien- und Sprachenkolleg (ISSK)\",\"semester\":\"SoSe 2026\",\"instructor\":\"Marta Borr\u00e1s Garc\u00e9s\"} \/-->\n<!-- \/wp:jgu\/tabs-item -->\n\n<!-- wp:jgu\/tabs-item {\"title\":\"Italian\",\"slug\":\"italian-1\"} -->\n<!-- wp:jgu\/jogustine {\"orgunit\":\"Internationales Studien- und Sprachenkolleg (ISSK)\",\"semester\":\"SoSe 2026\",\"instructor\":\"Chiara Angelini\"} \/-->\n<!-- \/wp:jgu\/tabs-item -->\n\n<!-- wp:jgu\/tabs-item {\"title\":\"French\",\"slug\":\"french\"} -->\n<!-- wp:jgu\/jogustine {\"orgunit\":\"Internationales Studien- und Sprachenkolleg (ISSK)\",\"semester\":\"SoSe 2026\",\"instructor\":\"Simone Weis\"} \/-->\n<!-- \/wp:jgu\/tabs-item -->\n\n<!-- wp:jgu\/tabs-item {\"title\":\"Turkish\",\"slug\":\"turkish\"} -->\n<!-- wp:jgu\/jogustine {\"orgunit\":\"Internationales Studien- und Sprachenkolleg (ISSK)\",\"semester\":\"SoSe 2026\",\"courseNumbers\":\"ISSK.TUR.101, ISSK.TUR.101a\"} \/-->\n<!-- \/wp:jgu\/tabs-item -->\n\n<!-- wp:jgu\/tabs-item {\"title\":\"Arabic\",\"slug\":\"arabic\"} -->\n<!-- wp:jgu\/jogustine {\"orgunit\":\"Internationales Studien- und Sprachenkolleg (ISSK)\",\"semester\":\"SoSe 2026\",\"courseNumbers\":\"ISSK.ARA.100, ISSK.ARA.101\"} \/-->\n<!-- \/wp:jgu\/tabs-item -->\n\n<!-- wp:jgu\/tabs-item {\"title\":\"Further language courses\",\"slug\":\"further language offers\"} -->\n<!-- wp:paragraph {\"translatedWithWPMLTM\":\"1\"} -->\n<p class=\"has-big-font-size\">Further language courses are offered by Faculty 05, Faculty 06 and University of Applied Sciences in Mainz, among others. <\/p>\n<!-- \/wp:paragraph -->\n\n<!-- wp:jgu\/button -->\n<!-- wp:jgu\/button-item {\"text\":\"Faculty 05: Philosophy and Philology\\u003cbr\\u003e\",\"link\":{\"url\":\"https:\/\/www.fb05.uni-mainz.de\/\",\"linkTarget\":\"\",\"rel\":\"\",\"opensInNewTab\":true}} \/-->\n<!-- \/wp:jgu\/button -->\n\n<!-- wp:jgu\/button -->\n<!-- wp:jgu\/button-item {\"text\":\"To the Department of Slavic Studies in Faculty 05\",\"link\":{\"url\":\"https:\/\/www.slavistik.uni-mainz.de\/\",\"linkTarget\":\"\",\"rel\":\"\",\"opensInNewTab\":true}} \/-->\n<!-- \/wp:jgu\/button -->\n\n<!-- wp:jgu\/button -->\n<!-- wp:jgu\/button-item {\"text\":\"Faculty 06 Translation, Linguistics and Cultural Studies\",\"link\":{\"url\":\"https:\/\/fb06.uni-mainz.de\/\",\"linkTarget\":\"\",\"rel\":\"\",\"opensInNewTab\":true}} \/-->\n<!-- \/wp:jgu\/button -->\n\n<!-- wp:jgu\/button -->\n<!-- wp:jgu\/button-item {\"text\":\"Languages offered at Mainz University of Applied Sciences \",\"link\":{\"url\":\"https:\/\/www.hs-mainz.de\/en\/academics\/services\/interdisciplinary\/language-center\/language-classes\/\",\"linkTarget\":\"\",\"rel\":\"\",\"opensInNewTab\":true}} \/-->\n<!-- \/wp:jgu\/button -->\n\n<!-- wp:paragraph {\"translatedWithWPMLTM\":\"1\"} -->\n<p class=\"has-big-font-size\">The language courses at Mainz University of Applied Sciences may only be attended if no comparable course is available at JGU.<\/p>\n<!-- \/wp:paragraph -->\n<!-- \/wp:jgu\/tabs-item -->\n<!-- \/wp:jgu\/tabs --><\/div>\n<!-- \/wp:column --><\/div>\n<!-- \/wp:columns -->\n\n<!-- wp:paragraph {\"translatedWithWPMLTM\":\"1\"} -->\n<p class=\"has-big-font-size\">For JGU students, the credits earned are listed under \"Additional qualifications\" on the transcript of records. Students in joint or integrated degree programs and employees will be issued a certificate upon request. <\/p>\n<!-- \/wp:paragraph -->\n\n<!-- wp:paragraph {\"translatedWithWPMLTM\":\"1\"} -->\n<p class=\"has-big-font-size\">Most courses are designed so that one level can be completed in one semester. Some language courses complete levels B1 and higher in two (ideally consecutive) semesters. <\/p>\n<!-- \/wp:paragraph -->\n\n<!-- wp:spacer {\"height\":\"250px\"} -->\n<div style=\"height:250px\" aria-hidden=\"true\" class=\"wp-block-spacer\"><\/div>\n<!-- \/wp:spacer -->\n\n<!-- wp:jgu\/heading {\"color\":\"default\",\"tags\":{\"htmlTag\":\"h2\",\"classTag\":\"h3\",\"tag\":\"h2.h3\"},\"heading\":\"Courses offered during the semester break\"} \/-->\n\n<!-- wp:paragraph {\"translatedWithWPMLTM\":\"1\"} -->\n<p class=\"has-big-font-size\">These courses are aimed at participants who would like to improve their language proficiency during the semester break (March or September) and comprise a total of 40 to 48 lessons. The courses offered in September can be found in Jogustine under the summer semester.  The courses in March appear under the winter semester. <br\/>Please note the registration period in the course description.<\/p>\n<!-- \/wp:paragraph -->\n\n<!-- wp:columns {\"className\":\"\"} -->\n<div class=\"wp-block-columns\"><!-- wp:column {\"width\":\"10%\"} -->\n<div class=\"wp-block-column\" style=\"flex-basis:10%\"><\/div>\n<!-- \/wp:column -->\n\n<!-- wp:column {\"width\":\"80%\"} -->\n<div class=\"wp-block-column\" style=\"flex-basis:80%\"><!-- wp:paragraph {\"translatedWithWPMLTM\":\"1\"} -->\n<p class=\"has-big-font-size\">Here you will find our current range of intensive language courses:<\/p>\n<!-- \/wp:paragraph -->\n\n<!-- wp:jgu\/tabs {\"layout\":{\"type\":\"flex\",\"flexWrap\":\"nowrap\",\"justifyContent\":\"left\",\"orientation\":\"vertical\"}} -->\n<!-- wp:jgu\/tabs-item {\"title\":\"English\",\"slug\":\"english-1\"} -->\n<!-- wp:jgu\/jogustine {\"orgunit\":\"Internationales Studien- und Sprachenkolleg (ISSK)\",\"courseNumbers\":\"ISSK.ENG.A2.plus,  ISSK.ENG.B2.Plus, ISSK.ENG.202.Plus\"} \/-->\n\n<!-- wp:paragraph {\"translatedWithWPMLTM\":\"1\"} -->\n<p class=\"has-big-font-size\">If you do not see a course offer here, an intensive course for this language will be offered at the end of the next semester.<\/p>\n<!-- \/wp:paragraph -->\n<!-- \/wp:jgu\/tabs-item -->\n\n<!-- wp:jgu\/tabs-item {\"title\":\"French\",\"slug\":\"french-1\"} -->\n<!-- wp:jgu\/jogustine {\"orgunit\":\"Internationales Studien- und Sprachenkolleg (ISSK)\",\"courseNumbers\":\"ISSK.FRZ.101i\"} \/-->\n\n<!-- wp:paragraph {\"translatedWithWPMLTM\":\"1\"} -->\n<p class=\"has-big-font-size\">If you do not see a course offer here, an intensive course for this language will be offered at the end of the next semester.<\/p>\n<!-- \/wp:paragraph -->\n<!-- \/wp:jgu\/tabs-item -->\n\n<!-- wp:jgu\/tabs-item {\"title\":\"Spanish\",\"slug\":\"spanish-1\"} -->\n<!-- wp:jgu\/jogustine {\"orgunit\":\"Internationales Studien- und Sprachenkolleg (ISSK)\",\"courseNumbers\":\"ISSK.SPA.101i\"} \/-->\n\n<!-- wp:paragraph {\"translatedWithWPMLTM\":\"1\"} -->\n<p class=\"has-big-font-size\">If you do not see a course offer here, an intensive course for this language will be offered at the end of the next semester.<\/p>\n<!-- \/wp:paragraph -->\n<!-- \/wp:jgu\/tabs-item -->\n\n<!-- wp:jgu\/tabs-item {\"title\":\"Italian\",\"slug\":\"italian-1\"} -->\n<!-- wp:jgu\/jogustine {\"orgunit\":\"Internationales Studien- und Sprachenkolleg (ISSK)\",\"courseNumbers\":\"ISSK.ITA.120\"} \/-->\n\n<!-- wp:paragraph {\"translatedWithWPMLTM\":\"1\"} -->\n<p class=\"has-big-font-size\">If you do not see a course offer here, an intensive course for this language will be offered at the end of the next semester.<\/p>\n<!-- \/wp:paragraph -->\n<!-- \/wp:jgu\/tabs-item -->\n<!-- \/wp:jgu\/tabs --><\/div>\n<!-- \/wp:column --><\/div>\n<!-- \/wp:columns -->\n\n<!-- wp:paragraph {\"translatedWithWPMLTM\":\"1\"} -->\n<p class=\"has-big-font-size\">For JGU students, the credits earned are listed under \"Additional qualifications\" on the transcript of records. Students in joint or integrated degree programs and employees will be issued a certificate upon request. <\/p>\n<!-- \/wp:paragraph -->\n\n<!-- wp:spacer {\"height\":\"250px\"} -->\n<div style=\"height:250px\" aria-hidden=\"true\" class=\"wp-block-spacer\"><\/div>\n<!-- \/wp:spacer --><\/div><\/div>\n<!-- \/wp:jgu\/section --><!-- wp:jgu\/anchorpoint {\"title\":\"Step 2: Course selection\",\"slug\":\"step 2 course selection\"} \/--><!-- wp:jgu\/section {\"color\":\"white\"} -->\n<div class=\"jgu-bgsection bg bg-white \"><div class=\"content padding-medium\"><!-- wp:paragraph {\"translatedWithWPMLTM\":\"1\"} -->\n<p class=\"has-big-font-size\">We offer a range of language courses with different language levels. In order for us to find the appropriate course for you, we need you to provide us with proof of your language level. There are various options to do this:  <\/p>\n<!-- \/wp:paragraph -->\n\n<!-- wp:jgu\/accordion {\"selected\":3} -->\n<!-- wp:jgu\/accordion-item {\"title\":\"Without prior knowledge\",\"init\":false,\"slug\":\"ohne-vorkenntnisse\"} -->\n<!-- wp:paragraph {\"translatedWithWPMLTM\":\"1\"} -->\n<p class=\"has-big-font-size\">Choose an A1 course from our range in Jogustine. You do not need a certificate or a placement test for this course. We do not offer any A1 courses in English.    <\/p>\n<!-- \/wp:paragraph -->\n<!-- \/wp:jgu\/accordion-item -->\n\n<!-- wp:jgu\/accordion-item {\"title\":\"Previous knowledge WITH proof of language proficiency through successful participation in an ISSK course\",\"init\":false,\"slug\":\"vorkenntnisse-mit-sprachnachweis-uber-eine-erfolgreiche-teilnahme-an-einem-issk-kurs\"} -->\n<!-- wp:paragraph {\"translatedWithWPMLTM\":\"1\"} -->\n<p class=\"has-big-font-size\">Access to the courses is possible for continuing students who have already attended and passed courses at the ISSK in the last two semesters. Submitting a proof or certificate is not required as we can retrieve your results at any time. <\/p>\n<!-- \/wp:paragraph -->\n<!-- \/wp:jgu\/accordion-item -->\n\n<!-- wp:jgu\/accordion-item {\"title\":\"Previous knowledge WITH proof of language proficiency certificate\",\"init\":false,\"slug\":\"vorkenntnisse-mit-sprachnachweis-uber-ein-zertifikat\"} -->\n<!-- wp:paragraph {\"translatedWithWPMLTM\":\"1\"} -->\n<p class=\"has-big-font-size\">If you have a recognized certificate not older than three years, please forward the certificate by e-mail, stating your course request:<\/p>\n<!-- \/wp:paragraph -->\n\n<!-- wp:paragraph {\"translatedWithWPMLTM\":\"1\"} -->\n<p class=\"has-big-font-size\">English: <a href=\"mailto:issk-sprachnachweis-englisch@uni-mainz.de\" target=\"_blank\" rel=\"noreferrer noopener\">issk-sprachnachweis-englisch@uni-mainz.de<\/a><\/p>\n<!-- \/wp:paragraph -->\n\n<!-- wp:paragraph {\"translatedWithWPMLTM\":\"1\"} -->\n<p class=\"has-big-font-size\">French: <a href=\"mailto:issk-sprachnachweis-franzoesisch@uni-mainz.de\" target=\"_blank\" rel=\"noreferrer noopener\">issk-sprachnachweis-franzoesisch@uni-mainz.de<\/a><\/p>\n<!-- \/wp:paragraph -->\n\n<!-- wp:paragraph {\"translatedWithWPMLTM\":\"1\"} -->\n<p class=\"has-big-font-size\">Spanish: <a href=\"mailto:issk-sprachnachweis-spanisch@uni-mainz.de\" target=\"_blank\" rel=\"noreferrer noopener\">issk-sprachnachweis-spanisch@uni-mainz.de<\/a><\/p>\n<!-- \/wp:paragraph -->\n\n<!-- wp:paragraph {\"translatedWithWPMLTM\":\"1\"} -->\n<p class=\"has-big-font-size\">Italian: <a href=\"mailto:issk-sprachnachweis-italienisch@uni-mainz.de\" target=\"_blank\" rel=\"noreferrer noopener\">issk-sprachnachweis-italienisch@uni-mainz.de<\/a><\/p>\n<!-- \/wp:paragraph -->\n\n<!-- wp:paragraph {\"translatedWithWPMLTM\":\"1\"} -->\n<p class=\"has-big-font-size\">The following certificates are recognized by us:  <\/p>\n<!-- \/wp:paragraph -->\n\n<!-- wp:jgu\/button -->\n<!-- wp:jgu\/button-item {\"text\":\"Approved certificates as proof of level\",\"link\":{\"url\":\"https:\/\/cms.zdv.uni-mainz.de\/issk\/wp-content\/uploads\/sites\/567\/2025\/04\/Zugelassene-Zertifikate_Februar-26.pdf\",\"linkTarget\":\"\",\"rel\":\"\"}} \/-->\n<!-- \/wp:jgu\/button -->\n\n<!-- wp:spacer -->\n<div style=\"height:90px\" aria-hidden=\"true\" class=\"wp-block-spacer\"><\/div>\n<!-- \/wp:spacer -->\n<!-- \/wp:jgu\/accordion-item -->\n\n<!-- wp:jgu\/accordion-item {\"title\":\"Previous knowledge WITHOUT proof of language proficiency: Participation in a placement test\",\"init\":false,\"slug\":\"vorkenntnisse-ohne-sprachnachweis-teilnahme-an-einem-einstufungstest\"} -->\n<!-- wp:paragraph {\"translatedWithWPMLTM\":\"1\"} -->\n<p class=\"has-big-font-size\">All prospective course participants who have language proficiency in the offered spokespersons, but cannot prove this either through a recognized language certificate or through a completed course at the ISSK, must take part in our placement test. This takes place in digital form approximately one month before the beginning of the lecture period. (<a href=\"https:\/\/cms.zdv.uni-mainz.de\/en\/issk\/termine#fs\" data-type=\"link\" data-id=\"https:\/\/cms.zdv.uni-mainz.de\/issk\/termine#fs\">Dates for the placement test<\/a>) This is a so-called C-test, which consists of 4 texts with gaps that you have to fill in analogously.  Registration in the placement test is not necessary. <\/p>\n<!-- \/wp:paragraph -->\n\n<!-- wp:paragraph {\"translatedWithWPMLTM\":\"1\"} -->\n<p class=\"has-big-font-size\">You can find an explanation of the process here:<\/p>\n<!-- \/wp:paragraph -->\n\n<!-- wp:jgu\/button -->\n<!-- wp:jgu\/button-item {\"text\":\"Explanations of the C-test procedure\",\"link\":{\"url\":\"https:\/\/cms.zdv.uni-mainz.de\/issk\/wp-content\/uploads\/sites\/567\/2025\/04\/Einstufungstests-ILIAS-Anleitung.pdf\",\"linkTarget\":\"\",\"rel\":\"\",\"opensInNewTab\":true}} \/-->\n<!-- \/wp:jgu\/button -->\n\n<!-- wp:jgu\/button -->\n<!-- wp:jgu\/button-item {\"text\":\"Example of a C-test courtesy by the University of M\u00fcnster\",\"link\":{\"url\":\" \\nhttps:\/\/www.uni-muenster.de\/SPZCT\/demo?clearStack=true\",\"linkTarget\":\"\",\"rel\":\"\",\"opensInNewTab\":true}} \/-->\n<!-- \/wp:jgu\/button -->\n\n<!-- wp:paragraph {\"translatedWithWPMLTM\":\"1\"} -->\n<p class=\"has-big-font-size\">The result of the placement test shows the level of the course for which you may register in the following semester (e.g. test result A2 - registration for course A2). The result of placement test is valid for one year. <\/p>\n<!-- \/wp:paragraph -->\n<!-- \/wp:jgu\/accordion-item -->\n<!-- \/wp:jgu\/accordion -->\n\n<!-- wp:spacer {\"height\":\"516px\"} -->\n<div style=\"height:516px\" aria-hidden=\"true\" class=\"wp-block-spacer\"><\/div>\n<!-- \/wp:spacer -->\n\n<!-- wp:jgu\/anchorpoint {\"title\":\"Step 3: Registration\",\"slug\":\"step-3-registration\"} \/-->\n\n<!-- wp:jgu\/heading {\"color\":\"default\",\"tags\":{\"htmlTag\":\"h2\",\"classTag\":\"h3\",\"tag\":\"h2.h3\"},\"heading\":\"Registration\"} \/--><\/div><\/div>\n<!-- \/wp:jgu\/section --><!-- wp:jgu\/section {\"color\":\"light\"} -->\n<div class=\"jgu-bgsection bg bg-light \"><div class=\"content padding-medium\"><!-- wp:jgu\/tabs -->\n<!-- wp:jgu\/tabs-item {\"title\":\"Students JGU\",\"slug\":\"students-jgu\"} -->\n<!-- wp:paragraph {\"translatedWithWPMLTM\":\"1\"} -->\n<p class=\"has-big-font-size\"><br\/>Registration for the language courses takes place in <a href=\"https:\/\/jogustine.uni-mainz.de\/\" target=\"_blank\" rel=\"noreferrer noopener\">JOGU-StiNe<\/a>. <strong><a href=\"https:\/\/cms.zdv.uni-mainz.de\/en\/issk\/termine#fs\"><strong><\/strong><\/a><strong><a href=\"https:\/\/cms.zdv.uni-mainz.de\/en\/issk\/termine#fs\">Here you can find dates for registration.<\/a><\/strong><\/strong><\/p>\n<!-- \/wp:paragraph -->\n\n<!-- wp:paragraph {\"translatedWithWPMLTM\":\"1\"} -->\n<p class=\"has-big-font-size\">Registration method JOGU-StINe:<\/p>\n<!-- \/wp:paragraph -->\n\n<!-- wp:list {\"ordered\":true} -->\n<ol class=\"wp-block-list\"><!-- wp:list-item {\"translatedWithWPMLTM\":\"1\"} -->\n<li>Log in with your JGU account (login name &amp; password) on the JOGU-StiNE home page (top right)<\/li>\n<!-- \/wp:list-item -->\n\n<!-- wp:list-item {\"translatedWithWPMLTM\":\"1\"} -->\n<li>Studies<\/li>\n<!-- \/wp:list-item -->\n\n<!-- wp:list-item {\"translatedWithWPMLTM\":\"1\"} -->\n<li>Modules\/events<\/li>\n<!-- \/wp:list-item -->\n\n<!-- wp:list-item {\"translatedWithWPMLTM\":\"1\"} -->\n<li>Registration<\/li>\n<!-- \/wp:list-item -->\n\n<!-- wp:list-item {\"translatedWithWPMLTM\":\"1\"} -->\n<li>Module\/event registration<\/li>\n<!-- \/wp:list-item -->\n\n<!-- wp:list-item {\"translatedWithWPMLTM\":\"1\"} -->\n<li>Additional qualifications<\/li>\n<!-- \/wp:list-item -->\n\n<!-- wp:list-item {\"translatedWithWPMLTM\":\"1\"} -->\n<li>International Preparatory and Language Center<\/li>\n<!-- \/wp:list-item --><\/ol>\n<!-- \/wp:list -->\n\n<!-- wp:paragraph {\"translatedWithWPMLTM\":\"1\"} -->\n<p class=\"has-big-font-size\">Please note the following:<\/p>\n<!-- \/wp:paragraph -->\n\n<!-- wp:list {\"fontSize\":\"big\"} -->\n<ul class=\"wp-block-list has-big-font-size\"><!-- wp:list-item {\"translatedWithWPMLTM\":\"1\"} -->\n<li>Places are allocated on a first come, first served basis.<\/li>\n<!-- \/wp:list-item -->\n\n<!-- wp:list-item {\"translatedWithWPMLTM\":\"1\"} -->\n<li>Registrations are first checked for the specific level. A \u201cpending\u201d registration is not a binding confirmation. This only takes place after examination of the participation requirements.  <\/li>\n<!-- \/wp:list-item -->\n\n<!-- wp:list-item {\"translatedWithWPMLTM\":\"1\"} -->\n<li>It may be possible to participate if a course place becomes available. If this possibility passes, you will be informed by the coordinator. <\/li>\n<!-- \/wp:list-item -->\n\n<!-- wp:list-item {\"translatedWithWPMLTM\":\"1\"} -->\n<li>If you cannot or do not wish to attend the course you have chosen, please contact the <a href=\"https:\/\/www.issk.uni-mainz.de\/en\/fremdsprachen\/#kontakt\">coordination<\/a> by e-mail.<\/li>\n<!-- \/wp:list-item -->\n\n<!-- wp:list-item {\"translatedWithWPMLTM\":\"1\"} -->\n<li>Multiple registrations for the same language are not permitted in most cases and will result in the deletion of all course registrations (e.g. French A1 and French A2 may not be attended at the same time). In English, you may take some courses at the same time (see respective course descriptions). The grammar course in Spanish can also be combined with another general course.  <\/li>\n<!-- \/wp:list-item -->\n\n<!-- wp:list-item {\"translatedWithWPMLTM\":\"1\"} -->\n<li>Of course, you can attend courses in different spokespersons at the same time (e.g. Spanish A1 and French A1).<\/li>\n<!-- \/wp:list-item -->\n\n<!-- wp:list-item {\"translatedWithWPMLTM\":\"1\"} -->\n<li>You can repeat a language course that you have not passed.  <\/li>\n<!-- \/wp:list-item -->\n\n<!-- wp:list-item {\"translatedWithWPMLTM\":\"1\"} -->\n<li>You can repeat a course you have already attended and passed, provided there are places available. Please contact the <a href=\"https:\/\/www.issk.uni-mainz.de\/en\/fremdsprachen\/#kontakt\">coordinator<\/a>. <\/li>\n<!-- \/wp:list-item -->\n\n<!-- wp:list-item {\"translatedWithWPMLTM\":\"1\"} -->\n<li>It is not possible to acquire further ECTS credits for a course that has already been attended and passed.  <\/li>\n<!-- \/wp:list-item --><\/ul>\n<!-- \/wp:list -->\n\n<!-- wp:spacer {\"height\":\"553px\"} -->\n<div style=\"height:553px\" aria-hidden=\"true\" class=\"wp-block-spacer\"><\/div>\n<!-- \/wp:spacer -->\n<!-- \/wp:jgu\/tabs-item -->\n\n<!-- wp:jgu\/tabs-item {\"title\":\"JGU employees\",\"slug\":\"employees-jgu\"} -->\n<!-- wp:paragraph {\"translatedWithWPMLTM\":\"1\"} -->\n<p class=\"has-big-font-size\"><br\/>Registration for foreign language courses takes place in <a href=\"https:\/\/cndsf.zdv.uni-mainz.de\/IdentityServer\/Account\/Login?ReturnUrl=%2FIdentityServer%2Fconnect%2Fauthorize%2Fcallback%3Fclient_id%3DClassicWeb%26scope%3Dopenid%2520DSF%26response_mode%3Dquery%26response_type%3Dcode%26redirect_uri%3Dhttps%253A%252F%252Fjogustine.uni-mainz.de%252Fscripts%252Fmgrqispi.dll%253FAPPNAME%253DCampusNet%2526PRGNAME%253DLOGINCHECK%2526ARGUMENTS%253D-N000000000000001,ids_mode%2526ids_mode%253DY\" target=\"_blank\" rel=\"noreferrer noopener\">JOGU-StiNe<\/a>. <strong><a href=\"https:\/\/www.issk.uni-mainz.de\/en\/dates\/#fs\">Here you will find dates for registration.<\/a><\/strong><\/p>\n<!-- \/wp:paragraph -->\n\n<!-- wp:paragraph {\"translatedWithWPMLTM\":\"1\"} -->\n<p class=\"has-big-font-size\">Registration method JOGU-StINe:<\/p>\n<!-- \/wp:paragraph -->\n\n<!-- wp:list {\"ordered\":true} -->\n<ol class=\"wp-block-list\"><!-- wp:list-item {\"translatedWithWPMLTM\":\"1\"} -->\n<li>Log in with your JGU account (login name &amp; password) on the JOGU-StiNE home page (top right)<\/li>\n<!-- \/wp:list-item -->\n\n<!-- wp:list-item {\"translatedWithWPMLTM\":\"1\"} -->\n<li>Staff courses<\/li>\n<!-- \/wp:list-item -->\n\n<!-- wp:list-item {\"translatedWithWPMLTM\":\"1\"} -->\n<li>Registration<\/li>\n<!-- \/wp:list-item -->\n\n<!-- wp:list-item {\"translatedWithWPMLTM\":\"1\"} -->\n<li>International Preparatory and Language Center<\/li>\n<!-- \/wp:list-item --><\/ol>\n<!-- \/wp:list -->\n\n<!-- wp:paragraph {\"translatedWithWPMLTM\":\"1\"} -->\n<p class=\"has-big-font-size\">Important:<\/p>\n<!-- \/wp:paragraph -->\n\n<!-- wp:list {\"fontSize\":\"big\"} -->\n<ul class=\"wp-block-list has-big-font-size\"><!-- wp:list-item {\"translatedWithWPMLTM\":\"1\"} -->\n<li>Please note that you will not receive a confirmation email.<\/li>\n<!-- \/wp:list-item -->\n\n<!-- wp:list-item {\"translatedWithWPMLTM\":\"1\"} -->\n<li>Multiple registrations for the same language are not permitted in most cases and will result in the deletion of all course registrations (e.g. French A1 and French A2 may not be attended at the same time). In English, you may take some courses at the same time (see respective course descriptions). The grammar course in Spanish can also be combined with another general course.  <\/li>\n<!-- \/wp:list-item --><\/ul>\n<!-- \/wp:list -->\n\n<!-- wp:spacer {\"height\":\"562px\"} -->\n<div style=\"height:562px\" aria-hidden=\"true\" class=\"wp-block-spacer\"><\/div>\n<!-- \/wp:spacer -->\n<!-- \/wp:jgu\/tabs-item -->\n<!-- \/wp:jgu\/tabs --><\/div><\/div>\n<!-- \/wp:jgu\/section --><!-- wp:jgu\/anchorpoint {\"title\":\"Contact\",\"slug\":\"contact\"} \/--><!-- wp:jgu\/heading {\"index\":\"Contact\",\"tags\":{\"htmlTag\":\"h2\",\"classTag\":\"h3\",\"tag\":\"h2.h3\"},\"heading\":\"Student Office Foreign Languages\"} \/--><!-- wp:jgu\/idm-person {\"id\":\"1338\",\"link\":\"false\",\"organizationId\":459,\"roleId\":5,\"skipDetails\":[\"address\"]} \/--><!-- wp:jgu\/section {\"color\":\"white\"} -->\n<div class=\"jgu-bgsection bg bg-white \"><div class=\"content padding-medium\"><!-- wp:jgu\/heading {\"tags\":{\"htmlTag\":\"h2\",\"classTag\":\"h3\",\"tag\":\"h2.h3\"},\"heading\":\"Foreign languages team leader\"} \/-->\n\n<!-- wp:jgu\/idm-person {\"id\":\"5214\",\"link\":\"false\",\"organizationId\":459,\"roleId\":16} \/-->\n\n<!-- wp:columns {\"className\":\"\"} -->\n<div class=\"wp-block-columns\"><!-- wp:column -->\n<div class=\"wp-block-column\"><!-- wp:jgu\/heading {\"tags\":{\"htmlTag\":\"h2\",\"classTag\":\"h3\",\"tag\":\"h2.h3\"},\"heading\":\"Italian coordination\"} \/-->\n\n<!-- wp:jgu\/idm-person {\"id\":\"1157\",\"link\":\"false\",\"organizationId\":459,\"roleId\":16} \/-->\n\n<!-- wp:jgu\/heading {\"tags\":{\"htmlTag\":\"h2\",\"classTag\":\"h3\",\"tag\":\"h2.h3\"},\"heading\":\"English coordination\"} \/-->\n\n<!-- wp:jgu\/idm-person {\"id\":\"8113\",\"link\":\"false\",\"organizationId\":459,\"roleId\":16} \/--><\/div>\n<!-- \/wp:column -->\n\n<!-- wp:column -->\n<div class=\"wp-block-column\"><!-- wp:jgu\/heading {\"tags\":{\"htmlTag\":\"h2\",\"classTag\":\"h3\",\"tag\":\"h2.h3\"},\"heading\":\"Spanish coordination\"} \/-->\n\n<!-- wp:jgu\/idm-person {\"id\":\"4907\",\"link\":\"false\",\"organizationId\":459,\"roleId\":16} \/-->\n\n<!-- wp:jgu\/heading {\"tags\":{\"htmlTag\":\"h2\",\"classTag\":\"h3\",\"tag\":\"h2.h3\"},\"heading\":\"French coordination\"} \/-->\n\n<!-- wp:jgu\/idm-person {\"id\":\"313636\",\"link\":\"false\",\"organizationId\":459,\"roleId\":16} \/--><\/div>\n<!-- \/wp:column --><\/div>\n<!-- \/wp:columns -->\n\n<!-- wp:jgu\/heading {\"tags\":{\"htmlTag\":\"h2\",\"classTag\":\"\",\"tag\":\"h2\"},\"heading\":\"Adjunct lecturers in foreign languages\"} \/-->\n\n<!-- wp:columns {\"className\":\"\"} -->\n<div class=\"wp-block-columns\"><!-- wp:column {\"width\":\"\"} -->\n<div class=\"wp-block-column\"><!-- wp:table {\"hasFixedLayout\":false,\"className\":\"is-style-regular\",\"translatedWithWPMLTM\":\"1\"} -->\n<figure class=\"wp-block-table is-style-regular\"><table><thead><tr><th>Foreign language<\/th><th>Adjunct lecturer<\/th><th>Email address<\/th><\/tr><\/thead><tbody><tr><td>English<\/td><td>Patrick Donoghue<\/td><td><a href=\"mailto:pdonoghu@uni-mainz.de\">pdonoghu@uni-mainz.de<\/a><\/td><\/tr><tr><td><\/td><td>Yasamin Khalighi<\/td><td><a href=\"mailto:yakhalig@uni-mainz.de\">yakhalig@uni-mainz.de<\/a><\/td><\/tr><tr><td><\/td><td>Jasmin Vishvanath<\/td><td><a href=\"mailto:vishvana@uni-mainz.de\">vishvana@uni-mainz.de<\/a><\/td><\/tr><tr><td>French<\/td><td>Aboub Abdesslem<\/td><td><a href=\"mailto:aboub@uni-mainz.de\">aboub@uni-mainz.de<\/a><\/td><\/tr><tr><td><\/td><td>St\u00e9phane Fernandes<\/td><td><a href=\"mailto:fernanst@uni-mainz.de\">fernanst@uni-mainz.de<\/a><\/td><\/tr><tr><td><\/td><td>Louis Matthay<\/td><td><a href=\"mailto:matthayl@uni-mainz.de\">matthayl@uni-mainz.de<\/a><\/td><\/tr><tr><td><\/td><td>Angelica Razafinjatovo<\/td><td><a href=\"mailto:anrazafi@uni-mainz.de\">anrazafi@uni-mainz.de<\/a><\/td><\/tr><tr><td><\/td><td>Jenny Toussaint<\/td><td><a href=\"mailto:jetoussa@uni-mainz.de\">jetoussa@uni-mainz.de<\/a><\/td><\/tr><tr><td><\/td><td>Rafeka Azzouza-Waldherr<\/td><td><a href=\"mailto:oazzouza@uni-mainz.de\">oazzouza@uni-mainz.de<\/a><\/td><\/tr><tr><td>Italian<\/td><td>Cecilia Bonfanti<\/td><td><a href=\"mailto:cbonfant@uni-mainz.de\">cbonfant@uni-mainz.de<\/a><\/td><\/tr><tr><td><\/td><td>Laura Cecchin<\/td><td><a href=\"mailto:cecchinl@uni-mainz.de\">cecchinl@uni-mainz.de<\/a><\/td><\/tr><tr><td><\/td><td>Maria La Fratta<\/td><td><a href=\"mailto:malafrat@uni-mainz.de\">malafrat@uni-mainz.de<\/a><\/td><\/tr><tr><td><\/td><td>Dr. Veliana Olivieri<\/td><td><a href=\"mailto:volivier@uni-mainz.de\">volivier@uni-mainz.de<\/a><\/td><\/tr><tr><td>Spanish<\/td><td>Jos\u00e9 Luis Angulo<\/td><td><a href=\"mailto:angulomj@uni-mainz.de\">angulomj@uni-mainz.de<\/a><\/td><\/tr><tr><td><\/td><td>Carlos Antr\u00e0s Sol\u00e9<\/td><td><a href=\"mailto:cantrass@uni-mainz.de\">cantrass@uni-mainz.de<\/a><\/td><\/tr><tr><td><\/td><td>Dr. Ana Bel\u00e9n C\u00e1novas<\/td><td><a href=\"mailto:acnovasv@uni-mainz.de\">acnovasv@uni-mainz.de<\/a><\/td><\/tr><tr><td><\/td><td>Sara Gil<\/td><td><a href=\"mailto:sgilbell@uni-mainz.de\">sgilbell@uni-mainz.de<\/a><\/td><\/tr><tr><td><\/td><td>Celinda Muro<\/td><td><a href=\"mailto:celinda.muro@uni-mainz.de\">celinda.muro@uni-mainz.de<\/a><\/td><\/tr><tr><td><\/td><td>Carlos Helber Fajardo<\/td><td><a href=\"mailto:cahelber@uni-mainz.de\">cahelber@uni-mainz.de<\/a><\/td><\/tr><tr><td><\/td><td>Dr. Remedios Solano<\/td><td><a href=\"mailto:rsolanor@uni-mainz.de\">rsolanor@uni-mainz.de<\/a><\/td><\/tr><tr><td><\/td><td>Andrea Parada<\/td><td><a href=\"mailto:aparadad@uni-mainz.de\">aparadad@uni-mainz.de<\/a><\/td><\/tr><tr><td><\/td><td>Juan Antonio Wirtz<\/td><td><a href=\"mailto:juwirtz@uni-mainz.de\">juwirtz@uni-mainz.de  <\/a><\/td><\/tr><tr><td>Turkish<\/td><td>Yonca Cakar<\/td><td><a href=\"mailto:ycakar@uni-mainz.de\">ycakar@uni-mainz.de<\/a><\/td><\/tr><tr><td>Arabic<\/td><td>Rafeka Azzouza-Waldherr<\/td><td><a href=\"mailto:oazzouza@uni-mainz.de\">oazzouza@uni-mainz.de<\/a><\/td><\/tr><\/tbody><\/table><\/figure>\n<!-- \/wp:table --><\/div>\n<!-- \/wp:column -->\n\n<!-- wp:column {\"width\":\"50%\"} -->\n<div class=\"wp-block-column\" style=\"flex-basis:50%\"><\/div>\n<!-- \/wp:column --><\/div>\n<!-- \/wp:columns --><\/div><\/div>\n<!-- \/wp:jgu\/section -->","_links":{"self":[{"href":"https:\/\/www.issk.uni-mainz.de\/en\/wp-json\/wp\/v2\/pages\/12586","targetHints":{"allow":["GET"]}}],"collection":[{"href":"https:\/\/www.issk.uni-mainz.de\/en\/wp-json\/wp\/v2\/pages"}],"about":[{"href":"https:\/\/www.issk.uni-mainz.de\/en\/wp-json\/wp\/v2\/types\/page"}],"author":[{"embeddable":true,"href":"https:\/\/www.issk.uni-mainz.de\/en\/wp-json\/wp\/v2\/users\/1236"}],"replies":[{"embeddable":true,"href":"https:\/\/www.issk.uni-mainz.de\/en\/wp-json\/wp\/v2\/comments?post=12586"}],"version-history":[{"count":15,"href":"https:\/\/www.issk.uni-mainz.de\/en\/wp-json\/wp\/v2\/pages\/12586\/revisions"}],"predecessor-version":[{"id":13774,"href":"https:\/\/www.issk.uni-mainz.de\/en\/wp-json\/wp\/v2\/pages\/12586\/revisions\/13774"}],"wp:attachment":[{"href":"https:\/\/www.issk.uni-mainz.de\/en\/wp-json\/wp\/v2\/media?parent=12586"}],"wp:term":[{"taxonomy":"category","embeddable":true,"href":"https:\/\/www.issk.uni-mainz.de\/en\/wp-json\/wp\/v2\/categories?post=12586"},{"taxonomy":"post_tag","embeddable":true,"href":"https:\/\/www.issk.uni-mainz.de\/en\/wp-json\/wp\/v2\/tags?post=12586"}],"curies":[{"name":"wp","href":"https:\/\/api.w.org\/{rel}","templated":true}]}}